{"id":30,"date":"2020-10-29T16:32:37","date_gmt":"2020-10-29T15:32:37","guid":{"rendered":"http:\/\/wp13457063.server-he.de\/sub\/erich-und-dina\/?page_id=30"},"modified":"2025-04-24T11:21:15","modified_gmt":"2025-04-24T09:21:15","slug":"in-der-kaiserzeit","status":"publish","type":"page","link":"http:\/\/wp13457063.server-he.de\/sub\/erich-und-dina\/in-der-kaiserzeit\/","title":{"rendered":"in der Kaiserzeit"},"content":{"rendered":"\t\t<div data-elementor-type=\"wp-page\" data-elementor-id=\"30\" class=\"elementor elementor-30\" data-elementor-post-type=\"page\">\n\t\t\t\t<div class=\"elementor-element elementor-element-328c8a3d e-flex e-con-boxed e-con e-parent\" data-id=\"328c8a3d\" data-element_type=\"container\" data-settings=\"{&quot;background_background&quot;:&quot;classic&quot;}\">\n\t\t\t\t\t<div class=\"e-con-inner\">\n\t\t<div class=\"elementor-element elementor-element-73f0d846 e-con-full e-flex e-con e-child\" data-id=\"73f0d846\" data-element_type=\"container\" data-settings=\"{&quot;background_background&quot;:&quot;classic&quot;}\">\n\t\t\t\t<div class=\"elementor-element elementor-element-54513078 elementor-widget elementor-widget-image\" data-id=\"54513078\" data-element_type=\"widget\" data-widget_type=\"image.default\">\n\t\t\t\t<div class=\"elementor-widget-container\">\n\t\t\t\t\t\t\t\t\t\t\t\t<figure class=\"wp-caption\">\n\t\t\t\t\t\t\t\t\t\t<img fetchpriority=\"high\" decoding=\"async\" width=\"300\" height=\"300\" src=\"http:\/\/wp13457063.server-he.de\/sub\/erich-und-dina\/wp-content\/uploads\/2020\/11\/cropped-Verlobungsfoto_frei-300x300.png\" class=\"attachment-medium size-medium wp-image-3718\" alt=\"\" srcset=\"http:\/\/wp13457063.server-he.de\/sub\/erich-und-dina\/wp-content\/uploads\/2020\/11\/cropped-Verlobungsfoto_frei-300x300.png 300w, http:\/\/wp13457063.server-he.de\/sub\/erich-und-dina\/wp-content\/uploads\/2020\/11\/cropped-Verlobungsfoto_frei-150x150.png 150w, http:\/\/wp13457063.server-he.de\/sub\/erich-und-dina\/wp-content\/uploads\/2020\/11\/cropped-Verlobungsfoto_frei-70x70.png 70w, http:\/\/wp13457063.server-he.de\/sub\/erich-und-dina\/wp-content\/uploads\/2020\/11\/cropped-Verlobungsfoto_frei-360x360.png 360w, http:\/\/wp13457063.server-he.de\/sub\/erich-und-dina\/wp-content\/uploads\/2020\/11\/cropped-Verlobungsfoto_frei-270x270.png 270w, http:\/\/wp13457063.server-he.de\/sub\/erich-und-dina\/wp-content\/uploads\/2020\/11\/cropped-Verlobungsfoto_frei-192x192.png 192w, http:\/\/wp13457063.server-he.de\/sub\/erich-und-dina\/wp-content\/uploads\/2020\/11\/cropped-Verlobungsfoto_frei-180x180.png 180w, http:\/\/wp13457063.server-he.de\/sub\/erich-und-dina\/wp-content\/uploads\/2020\/11\/cropped-Verlobungsfoto_frei-32x32.png 32w, http:\/\/wp13457063.server-he.de\/sub\/erich-und-dina\/wp-content\/uploads\/2020\/11\/cropped-Verlobungsfoto_frei.png 512w\" sizes=\"(max-width: 300px) 100vw, 300px\" \/>\t\t\t\t\t\t\t\t\t\t\t<figcaption class=\"widget-image-caption wp-caption-text\">Weinachten 1917<\/figcaption>\n\t\t\t\t\t\t\t\t\t\t<\/figure>\n\t\t\t\t\t\t\t\t\t<\/div>\n\t\t\t\t<\/div>\n\t\t\t\t<\/div>\n\t\t<div class=\"elementor-element elementor-element-2983cd08 e-con-full e-flex e-con e-child\" data-id=\"2983cd08\" data-element_type=\"container\">\n\t\t<div class=\"elementor-element elementor-element-7824855e e-con-full e-flex e-con e-child\" data-id=\"7824855e\" data-element_type=\"container\">\n\t\t\t\t<div class=\"elementor-element elementor-element-59ea0e64 elementor-widget__width-initial elementor-widget elementor-widget-text-editor\" data-id=\"59ea0e64\" data-element_type=\"widget\" data-widget_type=\"text-editor.default\">\n\t\t\t\t<div class=\"elementor-widget-container\">\n\t\t\t\t\t\t\t\t\t<hr \/><h2 style=\"text-align: center;\"><!--StartFragment --><em><span class=\"cf0\">&#8222;&#8230; unser herrlicher junger Kaiser die pers\u00f6nlichste Pers\u00f6nlichkeit, von erfreulicher Impulsivit\u00e4t und ein h\u00f6chst origineller Denker.&#8220;<\/span><\/em><!--EndFragment --><\/h2><h3 style=\"text-align: center;\"><strong>Heinrich Mann<br \/>&#8222;Der Untertan&#8220;<\/strong><\/h3>\t\t\t\t\t\t\t\t<\/div>\n\t\t\t\t<\/div>\n\t\t\t\t<\/div>\n\t\t<div class=\"elementor-element elementor-element-1e5a7716 e-con-full e-flex e-con e-child\" data-id=\"1e5a7716\" data-element_type=\"container\">\n\t\t\t\t<div class=\"elementor-element elementor-element-668e5a85 elementor-widget elementor-widget-text-editor\" data-id=\"668e5a85\" data-element_type=\"widget\" data-widget_type=\"text-editor.default\">\n\t\t\t\t<div class=\"elementor-widget-container\">\n\t\t\t\t\t\t\t\t\t<h3 style=\"text-align: center;\"><span style=\"color: #ffffff;\">01. Januar 1871 bis 09. November 1918<\/span><\/h3>\t\t\t\t\t\t\t\t<\/div>\n\t\t\t\t<\/div>\n\t\t\t\t<\/div>\n\t\t\t\t<\/div>\n\t\t\t\t\t<\/div>\n\t\t\t\t<\/div>\n\t\t\t\t<section class=\"elementor-section elementor-top-section elementor-element elementor-element-02e232f elementor-section-boxed elementor-section-height-default elementor-section-height-default\" data-id=\"02e232f\" data-element_type=\"section\">\n\t\t\t\t\t\t<div class=\"elementor-container elementor-column-gap-default\">\n\t\t\t\t\t<div class=\"elementor-column elementor-col-100 elementor-top-column elementor-element elementor-element-007a35a\" data-id=\"007a35a\" data-element_type=\"column\">\n\t\t\t<div class=\"elementor-widget-wrap elementor-element-populated\">\n\t\t\t\t\t\t<div class=\"elementor-element elementor-element-bb50c9f elementor-widget elementor-widget-spacer\" data-id=\"bb50c9f\" data-element_type=\"widget\" data-widget_type=\"spacer.default\">\n\t\t\t\t<div class=\"elementor-widget-container\">\n\t\t\t\t\t\t\t<div class=\"elementor-spacer\">\n\t\t\t<div class=\"elementor-spacer-inner\"><\/div>\n\t\t<\/div>\n\t\t\t\t\t\t<\/div>\n\t\t\t\t<\/div>\n\t\t\t\t\t<\/div>\n\t\t<\/div>\n\t\t\t\t\t<\/div>\n\t\t<\/section>\n\t\t<div class=\"elementor-element elementor-element-c3aaa76 e-flex e-con-boxed e-con e-parent\" data-id=\"c3aaa76\" data-element_type=\"container\" data-settings=\"{&quot;background_background&quot;:&quot;classic&quot;}\">\n\t\t\t\t\t<div class=\"e-con-inner\">\n\t\t<div class=\"elementor-element elementor-element-b951f6a e-con-full e-flex e-con e-child\" data-id=\"b951f6a\" data-element_type=\"container\">\n\t\t\t\t<div class=\"elementor-element elementor-element-826c87f elementor-widget elementor-widget-text-editor\" data-id=\"826c87f\" data-element_type=\"widget\" data-widget_type=\"text-editor.default\">\n\t\t\t\t<div class=\"elementor-widget-container\">\n\t\t\t\t\t\t\t\t\t<p>Ja, die Kaiser Zeit!<br \/>Je weiter sie zur\u00fccklag, um so glorifizierte wurde sie in Erichs Anschauungen. Von den &#8222;Friedenszeiten&#8220; war da sehr oft die Rede und wir fragten uns, was daran anders war, als zu unserer Zeit (gemeint sind die 50 und 60er Jahre), in der wir aufwuchsen. <br \/>Heute verstehe ich schon eher, was Erich damals meinte. Nat\u00fcrlich sah er nur das positive dieser Epoche, den Krieg und das Negative, von dem wir in der Schule so viel geh\u00f6rt haben \u00fcber diese Zeit, blendete er aus.<\/p><p>Das Lied &#8222;Heil dir im Siegerkranz&#8220; war die designierte Nationalhymne, \u00e4hnlich der &#8222;Wacht am Rhein&#8220;.<\/p>\t\t\t\t\t\t\t\t<\/div>\n\t\t\t\t<\/div>\n\t\t\t\t<\/div>\n\t\t\t\t\t<\/div>\n\t\t\t\t<\/div>\n\t\t<div class=\"elementor-element elementor-element-33cf8c66 e-flex e-con-boxed e-con e-parent\" data-id=\"33cf8c66\" data-element_type=\"container\">\n\t\t\t\t\t<div class=\"e-con-inner\">\n\t\t<div class=\"elementor-element elementor-element-19f6300 e-con-full e-flex e-con e-child\" data-id=\"19f6300\" data-element_type=\"container\">\n\t\t\t\t<div class=\"elementor-element elementor-element-4d98b5fc elementor-widget elementor-widget-image\" data-id=\"4d98b5fc\" data-element_type=\"widget\" data-widget_type=\"image.default\">\n\t\t\t\t<div class=\"elementor-widget-container\">\n\t\t\t\t\t\t\t\t\t\t\t\t\t\t\t<img decoding=\"async\" width=\"300\" height=\"300\" src=\"http:\/\/wp13457063.server-he.de\/sub\/erich-und-dina\/wp-content\/uploads\/2024\/12\/Lautsprecher_5-300x300.png\" class=\"attachment-medium size-medium wp-image-6548\" alt=\"\" srcset=\"http:\/\/wp13457063.server-he.de\/sub\/erich-und-dina\/wp-content\/uploads\/2024\/12\/Lautsprecher_5-300x300.png 300w, http:\/\/wp13457063.server-he.de\/sub\/erich-und-dina\/wp-content\/uploads\/2024\/12\/Lautsprecher_5-1024x1024.png 1024w, http:\/\/wp13457063.server-he.de\/sub\/erich-und-dina\/wp-content\/uploads\/2024\/12\/Lautsprecher_5-150x150.png 150w, http:\/\/wp13457063.server-he.de\/sub\/erich-und-dina\/wp-content\/uploads\/2024\/12\/Lautsprecher_5-768x768.png 768w, http:\/\/wp13457063.server-he.de\/sub\/erich-und-dina\/wp-content\/uploads\/2024\/12\/Lautsprecher_5-1536x1536.png 1536w, http:\/\/wp13457063.server-he.de\/sub\/erich-und-dina\/wp-content\/uploads\/2024\/12\/Lautsprecher_5-70x70.png 70w, http:\/\/wp13457063.server-he.de\/sub\/erich-und-dina\/wp-content\/uploads\/2024\/12\/Lautsprecher_5-360x360.png 360w, http:\/\/wp13457063.server-he.de\/sub\/erich-und-dina\/wp-content\/uploads\/2024\/12\/Lautsprecher_5-580x580.png 580w, http:\/\/wp13457063.server-he.de\/sub\/erich-und-dina\/wp-content\/uploads\/2024\/12\/Lautsprecher_5-860x861.png 860w, http:\/\/wp13457063.server-he.de\/sub\/erich-und-dina\/wp-content\/uploads\/2024\/12\/Lautsprecher_5-1160x1161.png 1160w, http:\/\/wp13457063.server-he.de\/sub\/erich-und-dina\/wp-content\/uploads\/2024\/12\/Lautsprecher_5.png 1598w\" sizes=\"(max-width: 300px) 100vw, 300px\" \/>\t\t\t\t\t\t\t\t\t\t\t\t\t\t\t<\/div>\n\t\t\t\t<\/div>\n\t\t\t\t<\/div>\n\t\t<div class=\"elementor-element elementor-element-462f7201 e-con-full e-flex e-con e-child\" data-id=\"462f7201\" data-element_type=\"container\">\n\t\t\t\t<div class=\"elementor-element elementor-element-44d10fbd elementor-widget__width-initial elementor-widget elementor-widget-text-editor\" data-id=\"44d10fbd\" data-element_type=\"widget\" data-widget_type=\"text-editor.default\">\n\t\t\t\t<div class=\"elementor-widget-container\">\n\t\t\t\t\t\t\t\t\t<p style=\"text-align: left;\"><em>Nationalhymne: <\/em>&#8222;Heil dir im Siegerkranz&#8220;<\/p>\t\t\t\t\t\t\t\t<\/div>\n\t\t\t\t<\/div>\n\t\t\t\t<div class=\"elementor-element elementor-element-5c36597f elementor-widget elementor-widget-SimpleAudioPlayer\" data-id=\"5c36597f\" data-element_type=\"widget\" data-widget_type=\"SimpleAudioPlayer.default\">\n\t\t\t\t<div class=\"elementor-widget-container\">\n\t\t\t\t\t\n\t\t<div class=\"skin_simple h5ap_standard_player\" data-options='{\"controls\":[\"play\",\"progress\",\"current-time\",\"duration\",\"mute\",\"volume\",\"settings\"],\"seekTime\":15}'>\n\t\t\t<audio controls id=\"bplayer_id\" >\n\t\t\t\t<source src=\"http:\/\/wp13457063.server-he.de\/sub\/erich-und-dina\/wp-content\/uploads\/2020\/11\/Heil-Dir-im-Siegerkranz.mp3?download=false\" type=\"audio\/mp3\">\n\t\t\t<\/audio>\n\t\t<\/div>\n\n\t\t\t\t<\/div>\n\t\t\t\t<\/div>\n\t\t\t\t<\/div>\n\t\t\t\t\t<\/div>\n\t\t\t\t<\/div>\n\t\t<div class=\"elementor-element elementor-element-4bf042b e-flex e-con-boxed e-con e-parent\" data-id=\"4bf042b\" data-element_type=\"container\">\n\t\t\t\t\t<div class=\"e-con-inner\">\n\t\t\t\t<div class=\"elementor-element elementor-element-1ebc6ca elementor-widget-divider--view-line elementor-widget elementor-widget-divider\" data-id=\"1ebc6ca\" data-element_type=\"widget\" data-widget_type=\"divider.default\">\n\t\t\t\t<div class=\"elementor-widget-container\">\n\t\t\t\t\t\t\t<div class=\"elementor-divider\">\n\t\t\t<span class=\"elementor-divider-separator\">\n\t\t\t\t\t\t<\/span>\n\t\t<\/div>\n\t\t\t\t\t\t<\/div>\n\t\t\t\t<\/div>\n\t\t\t\t\t<\/div>\n\t\t\t\t<\/div>\n\t\t<div class=\"elementor-element elementor-element-3e80f28 e-flex e-con-boxed e-con e-parent\" data-id=\"3e80f28\" data-element_type=\"container\">\n\t\t\t\t\t<div class=\"e-con-inner\">\n\t\t\t\t<div class=\"elementor-element elementor-element-b1af49c elementor-widget elementor-widget-text-editor\" data-id=\"b1af49c\" data-element_type=\"widget\" data-widget_type=\"text-editor.default\">\n\t\t\t\t<div class=\"elementor-widget-container\">\n\t\t\t\t\t\t\t\t\t<h1>Erich<\/h1>\t\t\t\t\t\t\t\t<\/div>\n\t\t\t\t<\/div>\n\t\t\t\t\t<\/div>\n\t\t\t\t<\/div>\n\t\t<div class=\"elementor-element elementor-element-6190ffa e-flex e-con-boxed e-con e-parent\" data-id=\"6190ffa\" data-element_type=\"container\">\n\t\t\t\t\t<div class=\"e-con-inner\">\n\t\t<div class=\"elementor-element elementor-element-70a0430 e-con-full e-flex e-con e-child\" data-id=\"70a0430\" data-element_type=\"container\">\n\t\t\t\t<div class=\"elementor-element elementor-element-acedb37 elementor-widget__width-initial elementor-widget elementor-widget-image\" data-id=\"acedb37\" data-element_type=\"widget\" data-widget_type=\"image.default\">\n\t\t\t\t<div class=\"elementor-widget-container\">\n\t\t\t\t\t\t\t\t\t\t\t\t<figure class=\"wp-caption\">\n\t\t\t\t\t\t\t\t\t\t<img decoding=\"async\" width=\"400\" height=\"640\" src=\"http:\/\/wp13457063.server-he.de\/sub\/erich-und-dina\/wp-content\/uploads\/2024\/12\/1896_11_25_Erich.png\" class=\"attachment-medium_large size-medium_large wp-image-6894\" alt=\"\" srcset=\"http:\/\/wp13457063.server-he.de\/sub\/erich-und-dina\/wp-content\/uploads\/2024\/12\/1896_11_25_Erich.png 400w, http:\/\/wp13457063.server-he.de\/sub\/erich-und-dina\/wp-content\/uploads\/2024\/12\/1896_11_25_Erich-188x300.png 188w\" sizes=\"(max-width: 400px) 100vw, 400px\" \/>\t\t\t\t\t\t\t\t\t\t\t<figcaption class=\"widget-image-caption wp-caption-text\">Erichs Kinder- und Jugendzeit<\/figcaption>\n\t\t\t\t\t\t\t\t\t\t<\/figure>\n\t\t\t\t\t\t\t\t\t<\/div>\n\t\t\t\t<\/div>\n\t\t\t\t<div class=\"elementor-element elementor-element-cce9a68 elementor-widget__width-initial elementor-widget elementor-widget-image\" data-id=\"cce9a68\" data-element_type=\"widget\" data-widget_type=\"image.default\">\n\t\t\t\t<div class=\"elementor-widget-container\">\n\t\t\t\t\t\t\t\t\t\t\t\t<figure class=\"wp-caption\">\n\t\t\t\t\t\t\t\t\t\t<img loading=\"lazy\" decoding=\"async\" width=\"416\" height=\"652\" src=\"http:\/\/wp13457063.server-he.de\/sub\/erich-und-dina\/wp-content\/uploads\/2024\/12\/1909_11_25_Erich.png\" class=\"attachment-medium_large size-medium_large wp-image-6896\" alt=\"\" srcset=\"http:\/\/wp13457063.server-he.de\/sub\/erich-und-dina\/wp-content\/uploads\/2024\/12\/1909_11_25_Erich.png 416w, http:\/\/wp13457063.server-he.de\/sub\/erich-und-dina\/wp-content\/uploads\/2024\/12\/1909_11_25_Erich-191x300.png 191w\" sizes=\"(max-width: 416px) 100vw, 416px\" \/>\t\t\t\t\t\t\t\t\t\t\t<figcaption class=\"widget-image-caption wp-caption-text\">Erich in der Lehre<\/figcaption>\n\t\t\t\t\t\t\t\t\t\t<\/figure>\n\t\t\t\t\t\t\t\t\t<\/div>\n\t\t\t\t<\/div>\n\t\t\t\t<div class=\"elementor-element elementor-element-27be0d9 elementor-widget__width-initial elementor-widget elementor-widget-image\" data-id=\"27be0d9\" data-element_type=\"widget\" data-widget_type=\"image.default\">\n\t\t\t\t<div class=\"elementor-widget-container\">\n\t\t\t\t\t\t\t\t\t\t\t\t<figure class=\"wp-caption\">\n\t\t\t\t\t\t\t\t\t\t<img loading=\"lazy\" decoding=\"async\" width=\"768\" height=\"646\" src=\"http:\/\/wp13457063.server-he.de\/sub\/erich-und-dina\/wp-content\/uploads\/2024\/12\/1916_xx_xx_Dina_Erich_Breisig_2-e1734611417323-768x646.png\" class=\"attachment-medium_large size-medium_large wp-image-6938\" alt=\"\" srcset=\"http:\/\/wp13457063.server-he.de\/sub\/erich-und-dina\/wp-content\/uploads\/2024\/12\/1916_xx_xx_Dina_Erich_Breisig_2-e1734611417323-768x646.png 768w, http:\/\/wp13457063.server-he.de\/sub\/erich-und-dina\/wp-content\/uploads\/2024\/12\/1916_xx_xx_Dina_Erich_Breisig_2-e1734611417323-300x252.png 300w, http:\/\/wp13457063.server-he.de\/sub\/erich-und-dina\/wp-content\/uploads\/2024\/12\/1916_xx_xx_Dina_Erich_Breisig_2-e1734611417323-1024x861.png 1024w, http:\/\/wp13457063.server-he.de\/sub\/erich-und-dina\/wp-content\/uploads\/2024\/12\/1916_xx_xx_Dina_Erich_Breisig_2-e1734611417323-580x488.png 580w, http:\/\/wp13457063.server-he.de\/sub\/erich-und-dina\/wp-content\/uploads\/2024\/12\/1916_xx_xx_Dina_Erich_Breisig_2-e1734611417323-860x723.png 860w, http:\/\/wp13457063.server-he.de\/sub\/erich-und-dina\/wp-content\/uploads\/2024\/12\/1916_xx_xx_Dina_Erich_Breisig_2-e1734611417323.png 1150w\" sizes=\"(max-width: 768px) 100vw, 768px\" \/>\t\t\t\t\t\t\t\t\t\t\t<figcaption class=\"widget-image-caption wp-caption-text\">Erich &amp;Dina<\/figcaption>\n\t\t\t\t\t\t\t\t\t\t<\/figure>\n\t\t\t\t\t\t\t\t\t<\/div>\n\t\t\t\t<\/div>\n\t\t\t\t<\/div>\n\t\t\t\t\t<\/div>\n\t\t\t\t<\/div>\n\t\t<div class=\"elementor-element elementor-element-4c4ed6d e-flex e-con-boxed e-con e-parent\" data-id=\"4c4ed6d\" data-element_type=\"container\">\n\t\t\t\t\t<div class=\"e-con-inner\">\n\t\t\t\t<div class=\"elementor-element elementor-element-5f08bf7 elementor-widget-divider--view-line elementor-widget elementor-widget-divider\" data-id=\"5f08bf7\" data-element_type=\"widget\" data-widget_type=\"divider.default\">\n\t\t\t\t<div class=\"elementor-widget-container\">\n\t\t\t\t\t\t\t<div class=\"elementor-divider\">\n\t\t\t<span class=\"elementor-divider-separator\">\n\t\t\t\t\t\t<\/span>\n\t\t<\/div>\n\t\t\t\t\t\t<\/div>\n\t\t\t\t<\/div>\n\t\t\t\t\t<\/div>\n\t\t\t\t<\/div>\n\t\t<div class=\"elementor-element elementor-element-cd821eb e-flex e-con-boxed e-con e-parent\" data-id=\"cd821eb\" data-element_type=\"container\">\n\t\t\t\t\t<div class=\"e-con-inner\">\n\t\t\t\t<div class=\"elementor-element elementor-element-2712a65 elementor-widget elementor-widget-text-editor\" data-id=\"2712a65\" data-element_type=\"widget\" data-widget_type=\"text-editor.default\">\n\t\t\t\t<div class=\"elementor-widget-container\">\n\t\t\t\t\t\t\t\t\t<h1>Dina<\/h1>\t\t\t\t\t\t\t\t<\/div>\n\t\t\t\t<\/div>\n\t\t\t\t\t<\/div>\n\t\t\t\t<\/div>\n\t\t<div class=\"elementor-element elementor-element-07f55d0 e-flex e-con-boxed e-con e-parent\" data-id=\"07f55d0\" data-element_type=\"container\">\n\t\t\t\t\t<div class=\"e-con-inner\">\n\t\t<div class=\"elementor-element elementor-element-9ecd22d e-con-full e-flex e-con e-child\" data-id=\"9ecd22d\" data-element_type=\"container\">\n\t\t\t\t<div class=\"elementor-element elementor-element-fa69000 elementor-widget__width-initial elementor-widget elementor-widget-image\" data-id=\"fa69000\" data-element_type=\"widget\" data-widget_type=\"image.default\">\n\t\t\t\t<div class=\"elementor-widget-container\">\n\t\t\t\t\t\t\t\t\t\t\t\t<figure class=\"wp-caption\">\n\t\t\t\t\t\t\t\t\t\t<img loading=\"lazy\" decoding=\"async\" width=\"189\" height=\"300\" src=\"http:\/\/wp13457063.server-he.de\/sub\/erich-und-dina\/wp-content\/uploads\/2024\/10\/1915__Dina_Kaethchen_3-189x300.png\" class=\"attachment-medium size-medium wp-image-5956\" alt=\"\" srcset=\"http:\/\/wp13457063.server-he.de\/sub\/erich-und-dina\/wp-content\/uploads\/2024\/10\/1915__Dina_Kaethchen_3-189x300.png 189w, http:\/\/wp13457063.server-he.de\/sub\/erich-und-dina\/wp-content\/uploads\/2024\/10\/1915__Dina_Kaethchen_3-646x1024.png 646w, http:\/\/wp13457063.server-he.de\/sub\/erich-und-dina\/wp-content\/uploads\/2024\/10\/1915__Dina_Kaethchen_3-768x1217.png 768w, http:\/\/wp13457063.server-he.de\/sub\/erich-und-dina\/wp-content\/uploads\/2024\/10\/1915__Dina_Kaethchen_3-970x1536.png 970w, http:\/\/wp13457063.server-he.de\/sub\/erich-und-dina\/wp-content\/uploads\/2024\/10\/1915__Dina_Kaethchen_3-580x919.png 580w, http:\/\/wp13457063.server-he.de\/sub\/erich-und-dina\/wp-content\/uploads\/2024\/10\/1915__Dina_Kaethchen_3-860x1362.png 860w, http:\/\/wp13457063.server-he.de\/sub\/erich-und-dina\/wp-content\/uploads\/2024\/10\/1915__Dina_Kaethchen_3.png 1000w\" sizes=\"(max-width: 189px) 100vw, 189px\" \/>\t\t\t\t\t\t\t\t\t\t\t<figcaption class=\"widget-image-caption wp-caption-text\">Dina 1915<\/figcaption>\n\t\t\t\t\t\t\t\t\t\t<\/figure>\n\t\t\t\t\t\t\t\t\t<\/div>\n\t\t\t\t<\/div>\n\t\t\t\t<div class=\"elementor-element elementor-element-7712ee9 elementor-widget__width-initial elementor-widget elementor-widget-image\" data-id=\"7712ee9\" data-element_type=\"widget\" data-widget_type=\"image.default\">\n\t\t\t\t<div class=\"elementor-widget-container\">\n\t\t\t\t\t\t\t\t\t\t\t\t<figure class=\"wp-caption\">\n\t\t\t\t\t\t\t\t\t\t<img loading=\"lazy\" decoding=\"async\" width=\"1024\" height=\"809\" src=\"http:\/\/wp13457063.server-he.de\/sub\/erich-und-dina\/wp-content\/uploads\/2024\/10\/1914__Gruppenbild_Dina-2-1024x809.png\" class=\"attachment-large size-large wp-image-5960\" alt=\"\" srcset=\"http:\/\/wp13457063.server-he.de\/sub\/erich-und-dina\/wp-content\/uploads\/2024\/10\/1914__Gruppenbild_Dina-2-1024x809.png 1024w, http:\/\/wp13457063.server-he.de\/sub\/erich-und-dina\/wp-content\/uploads\/2024\/10\/1914__Gruppenbild_Dina-2-300x237.png 300w, http:\/\/wp13457063.server-he.de\/sub\/erich-und-dina\/wp-content\/uploads\/2024\/10\/1914__Gruppenbild_Dina-2-768x607.png 768w, http:\/\/wp13457063.server-he.de\/sub\/erich-und-dina\/wp-content\/uploads\/2024\/10\/1914__Gruppenbild_Dina-2-580x458.png 580w, http:\/\/wp13457063.server-he.de\/sub\/erich-und-dina\/wp-content\/uploads\/2024\/10\/1914__Gruppenbild_Dina-2-860x679.png 860w, http:\/\/wp13457063.server-he.de\/sub\/erich-und-dina\/wp-content\/uploads\/2024\/10\/1914__Gruppenbild_Dina-2-1160x916.png 1160w, http:\/\/wp13457063.server-he.de\/sub\/erich-und-dina\/wp-content\/uploads\/2024\/10\/1914__Gruppenbild_Dina-2.png 1443w\" sizes=\"(max-width: 1024px) 100vw, 1024px\" \/>\t\t\t\t\t\t\t\t\t\t\t<figcaption class=\"widget-image-caption wp-caption-text\">Dina im holl\u00e4ndischen Internat<\/figcaption>\n\t\t\t\t\t\t\t\t\t\t<\/figure>\n\t\t\t\t\t\t\t\t\t<\/div>\n\t\t\t\t<\/div>\n\t\t\t\t<div class=\"elementor-element elementor-element-d3593b7 elementor-widget__width-initial elementor-widget elementor-widget-image\" data-id=\"d3593b7\" data-element_type=\"widget\" data-widget_type=\"image.default\">\n\t\t\t\t<div class=\"elementor-widget-container\">\n\t\t\t\t\t\t\t\t\t\t\t\t<figure class=\"wp-caption\">\n\t\t\t\t\t\t\t\t\t\t<img loading=\"lazy\" decoding=\"async\" width=\"220\" height=\"300\" src=\"http:\/\/wp13457063.server-he.de\/sub\/erich-und-dina\/wp-content\/uploads\/2021\/03\/Rheinische-Hof-in-Breisig-220x300.jpeg\" class=\"attachment-medium size-medium wp-image-1303\" alt=\"\" srcset=\"http:\/\/wp13457063.server-he.de\/sub\/erich-und-dina\/wp-content\/uploads\/2021\/03\/Rheinische-Hof-in-Breisig-220x300.jpeg 220w, http:\/\/wp13457063.server-he.de\/sub\/erich-und-dina\/wp-content\/uploads\/2021\/03\/Rheinische-Hof-in-Breisig-749x1024.jpeg 749w, http:\/\/wp13457063.server-he.de\/sub\/erich-und-dina\/wp-content\/uploads\/2021\/03\/Rheinische-Hof-in-Breisig-768x1049.jpeg 768w, http:\/\/wp13457063.server-he.de\/sub\/erich-und-dina\/wp-content\/uploads\/2021\/03\/Rheinische-Hof-in-Breisig-580x792.jpeg 580w, http:\/\/wp13457063.server-he.de\/sub\/erich-und-dina\/wp-content\/uploads\/2021\/03\/Rheinische-Hof-in-Breisig-860x1175.jpeg 860w, http:\/\/wp13457063.server-he.de\/sub\/erich-und-dina\/wp-content\/uploads\/2021\/03\/Rheinische-Hof-in-Breisig.jpeg 1021w\" sizes=\"(max-width: 220px) 100vw, 220px\" \/>\t\t\t\t\t\t\t\t\t\t\t<figcaption class=\"widget-image-caption wp-caption-text\">Dina wieder in Breisig<\/figcaption>\n\t\t\t\t\t\t\t\t\t\t<\/figure>\n\t\t\t\t\t\t\t\t\t<\/div>\n\t\t\t\t<\/div>\n\t\t\t\t<div class=\"elementor-element elementor-element-bf70b62 elementor-widget elementor-widget-image\" data-id=\"bf70b62\" data-element_type=\"widget\" data-widget_type=\"image.default\">\n\t\t\t\t<div class=\"elementor-widget-container\">\n\t\t\t\t\t\t\t\t\t\t\t\t<figure class=\"wp-caption\">\n\t\t\t\t\t\t\t\t\t\t<img loading=\"lazy\" decoding=\"async\" width=\"300\" height=\"245\" src=\"http:\/\/wp13457063.server-he.de\/sub\/erich-und-dina\/wp-content\/uploads\/2024\/10\/1916_xx_xx_Dina_Erich_Breisig-e1729604350822-300x245.png\" class=\"attachment-medium size-medium wp-image-5480\" alt=\"\" srcset=\"http:\/\/wp13457063.server-he.de\/sub\/erich-und-dina\/wp-content\/uploads\/2024\/10\/1916_xx_xx_Dina_Erich_Breisig-e1729604350822-300x245.png 300w, http:\/\/wp13457063.server-he.de\/sub\/erich-und-dina\/wp-content\/uploads\/2024\/10\/1916_xx_xx_Dina_Erich_Breisig-e1729604350822-1024x836.png 1024w, http:\/\/wp13457063.server-he.de\/sub\/erich-und-dina\/wp-content\/uploads\/2024\/10\/1916_xx_xx_Dina_Erich_Breisig-e1729604350822-768x627.png 768w, http:\/\/wp13457063.server-he.de\/sub\/erich-und-dina\/wp-content\/uploads\/2024\/10\/1916_xx_xx_Dina_Erich_Breisig-e1729604350822-580x473.png 580w, http:\/\/wp13457063.server-he.de\/sub\/erich-und-dina\/wp-content\/uploads\/2024\/10\/1916_xx_xx_Dina_Erich_Breisig-e1729604350822-860x702.png 860w, http:\/\/wp13457063.server-he.de\/sub\/erich-und-dina\/wp-content\/uploads\/2024\/10\/1916_xx_xx_Dina_Erich_Breisig-e1729604350822.png 1092w\" sizes=\"(max-width: 300px) 100vw, 300px\" \/>\t\t\t\t\t\t\t\t\t\t\t<figcaption class=\"widget-image-caption wp-caption-text\">Dina &amp; Erich<\/figcaption>\n\t\t\t\t\t\t\t\t\t\t<\/figure>\n\t\t\t\t\t\t\t\t\t<\/div>\n\t\t\t\t<\/div>\n\t\t\t\t<\/div>\n\t\t\t\t\t<\/div>\n\t\t\t\t<\/div>\n\t\t\t\t<\/div>\n\t\t","protected":false},"excerpt":{"rendered":"<p>Weinachten 1917 &#8222;&#8230; unser herrlicher junger Kaiser die pers\u00f6nlichste Pers\u00f6nlichkeit, von erfreulicher Impulsivit\u00e4t und ein h\u00f6chst origineller Denker.&#8220; Heinrich Mann&#8222;Der Untertan&#8220; 01. Januar 1871 bis 09. November 1918 Ja, die Kaiser Zeit!Je weiter sie zur\u00fccklag, um so glorifizierte wurde sie in Erichs Anschauungen. Von den &#8222;Friedenszeiten&#8220; war da sehr oft die Rede und wir fragten&#8230;<\/p>\n","protected":false},"author":1,"featured_media":5561,"parent":0,"menu_order":2,"comment_status":"closed","ping_status":"closed","template":"","meta":{"footnotes":""},"class_list":["post-30","page","type-page","status-publish","has-post-thumbnail","hentry"],"_links":{"self":[{"href":"http:\/\/wp13457063.server-he.de\/sub\/erich-und-dina\/wp-json\/wp\/v2\/pages\/30","targetHints":{"allow":["GET"]}}],"collection":[{"href":"http:\/\/wp13457063.server-he.de\/sub\/erich-und-dina\/wp-json\/wp\/v2\/pages"}],"about":[{"href":"http:\/\/wp13457063.server-he.de\/sub\/erich-und-dina\/wp-json\/wp\/v2\/types\/page"}],"author":[{"embeddable":true,"href":"http:\/\/wp13457063.server-he.de\/sub\/erich-und-dina\/wp-json\/wp\/v2\/users\/1"}],"replies":[{"embeddable":true,"href":"http:\/\/wp13457063.server-he.de\/sub\/erich-und-dina\/wp-json\/wp\/v2\/comments?post=30"}],"version-history":[{"count":1027,"href":"http:\/\/wp13457063.server-he.de\/sub\/erich-und-dina\/wp-json\/wp\/v2\/pages\/30\/revisions"}],"predecessor-version":[{"id":7008,"href":"http:\/\/wp13457063.server-he.de\/sub\/erich-und-dina\/wp-json\/wp\/v2\/pages\/30\/revisions\/7008"}],"wp:featuredmedia":[{"embeddable":true,"href":"http:\/\/wp13457063.server-he.de\/sub\/erich-und-dina\/wp-json\/wp\/v2\/media\/5561"}],"wp:attachment":[{"href":"http:\/\/wp13457063.server-he.de\/sub\/erich-und-dina\/wp-json\/wp\/v2\/media?parent=30"}],"curies":[{"name":"wp","href":"https:\/\/api.w.org\/{rel}","templated":true}]}}