{"id":40,"date":"2020-10-29T16:36:21","date_gmt":"2020-10-29T15:36:21","guid":{"rendered":"http:\/\/wp13457063.server-he.de\/sub\/erich-und-dina\/?page_id=40"},"modified":"2024-12-26T12:42:06","modified_gmt":"2024-12-26T11:42:06","slug":"in-der-sowjetischen-besatzungszone","status":"publish","type":"page","link":"http:\/\/wp13457063.server-he.de\/sub\/erich-und-dina\/in-der-sowjetischen-besatzungszone\/","title":{"rendered":"in der SBZ"},"content":{"rendered":"\t\t<div data-elementor-type=\"wp-page\" data-elementor-id=\"40\" class=\"elementor elementor-40\" data-elementor-post-type=\"page\">\n\t\t\t\t<div class=\"elementor-element elementor-element-67c45e10 e-flex e-con-boxed e-con e-parent\" data-id=\"67c45e10\" data-element_type=\"container\" data-settings=\"{&quot;background_background&quot;:&quot;classic&quot;}\">\n\t\t\t\t\t<div class=\"e-con-inner\">\n\t\t<div class=\"elementor-element elementor-element-76bd5df0 e-con-full e-flex e-con e-child\" data-id=\"76bd5df0\" data-element_type=\"container\" data-settings=\"{&quot;background_background&quot;:&quot;classic&quot;}\">\n\t\t\t\t<div class=\"elementor-element elementor-element-342891f9 elementor-widget elementor-widget-image\" data-id=\"342891f9\" data-element_type=\"widget\" data-widget_type=\"image.default\">\n\t\t\t\t<div class=\"elementor-widget-container\">\n\t\t\t\t\t\t\t\t\t\t\t\t<figure class=\"wp-caption\">\n\t\t\t\t\t\t\t\t\t\t<img fetchpriority=\"high\" decoding=\"async\" width=\"768\" height=\"515\" src=\"http:\/\/wp13457063.server-he.de\/sub\/erich-und-dina\/wp-content\/uploads\/2020\/11\/1947_11_05_Verlobung_2-e1728482337570-768x515.jpg\" class=\"attachment-medium_large size-medium_large wp-image-260\" alt=\"\" srcset=\"http:\/\/wp13457063.server-he.de\/sub\/erich-und-dina\/wp-content\/uploads\/2020\/11\/1947_11_05_Verlobung_2-e1728482337570-768x515.jpg 768w, http:\/\/wp13457063.server-he.de\/sub\/erich-und-dina\/wp-content\/uploads\/2020\/11\/1947_11_05_Verlobung_2-e1728482337570-300x201.jpg 300w, http:\/\/wp13457063.server-he.de\/sub\/erich-und-dina\/wp-content\/uploads\/2020\/11\/1947_11_05_Verlobung_2-e1728482337570-580x389.jpg 580w, http:\/\/wp13457063.server-he.de\/sub\/erich-und-dina\/wp-content\/uploads\/2020\/11\/1947_11_05_Verlobung_2-e1728482337570.jpg 786w\" sizes=\"(max-width: 768px) 100vw, 768px\" \/>\t\t\t\t\t\t\t\t\t\t\t<figcaption class=\"widget-image-caption wp-caption-text\">05.11.1947 Verlobungsfeier in der Zeppelinstr.<\/figcaption>\n\t\t\t\t\t\t\t\t\t\t<\/figure>\n\t\t\t\t\t\t\t\t\t<\/div>\n\t\t\t\t<\/div>\n\t\t\t\t<\/div>\n\t\t<div class=\"elementor-element elementor-element-ebc4659 e-con-full e-flex e-con e-child\" data-id=\"ebc4659\" data-element_type=\"container\">\n\t\t<div class=\"elementor-element elementor-element-3224d196 e-con-full e-flex e-con e-child\" data-id=\"3224d196\" data-element_type=\"container\">\n\t\t\t\t<div class=\"elementor-element elementor-element-a33dc51 elementor-widget__width-initial elementor-widget elementor-widget-text-editor\" data-id=\"a33dc51\" data-element_type=\"widget\" data-widget_type=\"text-editor.default\">\n\t\t\t\t<div class=\"elementor-widget-container\">\n\t\t\t\t\t\t\t\t\t<h2 style=\"text-align: center;\"><em><strong>Die Welt wird nicht bedroht von den Menschen, die b\u00f6se sind, sondern von denen, <\/strong><\/em><br \/><em><strong>die das B\u00f6se zulassen.<\/strong><\/em><\/h2>\n<h3 style=\"text-align: center;\"><strong>Albert Einstein<\/strong><\/h3>\t\t\t\t\t\t\t\t<\/div>\n\t\t\t\t<\/div>\n\t\t\t\t<\/div>\n\t\t<div class=\"elementor-element elementor-element-35da8486 e-con-full e-flex e-con e-child\" data-id=\"35da8486\" data-element_type=\"container\">\n\t\t\t\t<div class=\"elementor-element elementor-element-7f6d0232 elementor-widget elementor-widget-text-editor\" data-id=\"7f6d0232\" data-element_type=\"widget\" data-widget_type=\"text-editor.default\">\n\t\t\t\t<div class=\"elementor-widget-container\">\n\t\t\t\t\t\t\t\t\t<h3 style=\"text-align: center;\"><span style=\"color: #ffffff;\">08. Mai 1945 bis zum 07. Oktober 1949<\/span><\/h3>\t\t\t\t\t\t\t\t<\/div>\n\t\t\t\t<\/div>\n\t\t\t\t<\/div>\n\t\t\t\t<\/div>\n\t\t\t\t\t<\/div>\n\t\t\t\t<\/div>\n\t\t<div class=\"elementor-element elementor-element-76e74d9 e-flex e-con-boxed e-con e-parent\" data-id=\"76e74d9\" data-element_type=\"container\">\n\t\t\t\t\t<div class=\"e-con-inner\">\n\t\t\t\t<div class=\"elementor-element elementor-element-11069cb elementor-widget elementor-widget-spacer\" data-id=\"11069cb\" data-element_type=\"widget\" data-widget_type=\"spacer.default\">\n\t\t\t\t<div class=\"elementor-widget-container\">\n\t\t\t\t\t\t\t<div class=\"elementor-spacer\">\n\t\t\t<div class=\"elementor-spacer-inner\"><\/div>\n\t\t<\/div>\n\t\t\t\t\t\t<\/div>\n\t\t\t\t<\/div>\n\t\t\t\t\t<\/div>\n\t\t\t\t<\/div>\n\t\t\t\t<section class=\"elementor-section elementor-top-section elementor-element elementor-element-1143c29 elementor-section-boxed elementor-section-height-default elementor-section-height-default\" data-id=\"1143c29\" data-element_type=\"section\">\n\t\t\t\t\t\t<div class=\"elementor-container elementor-column-gap-default\">\n\t\t\t\t\t<div class=\"elementor-column elementor-col-100 elementor-top-column elementor-element elementor-element-9cac09f\" data-id=\"9cac09f\" data-element_type=\"column\">\n\t\t\t<div class=\"elementor-widget-wrap elementor-element-populated\">\n\t\t\t\t\t\t<div class=\"elementor-element elementor-element-56da732 elementor-widget elementor-widget-image\" data-id=\"56da732\" data-element_type=\"widget\" data-widget_type=\"image.default\">\n\t\t\t\t<div class=\"elementor-widget-container\">\n\t\t\t\t\t\t\t\t\t\t\t\t\t\t\t<img decoding=\"async\" width=\"1024\" height=\"527\" src=\"http:\/\/wp13457063.server-he.de\/sub\/erich-und-dina\/wp-content\/uploads\/2023\/07\/1945__Zettel_Tante-1024x527.png\" class=\"attachment-large size-large wp-image-3721\" alt=\"\" srcset=\"http:\/\/wp13457063.server-he.de\/sub\/erich-und-dina\/wp-content\/uploads\/2023\/07\/1945__Zettel_Tante-1024x527.png 1024w, http:\/\/wp13457063.server-he.de\/sub\/erich-und-dina\/wp-content\/uploads\/2023\/07\/1945__Zettel_Tante-300x154.png 300w, http:\/\/wp13457063.server-he.de\/sub\/erich-und-dina\/wp-content\/uploads\/2023\/07\/1945__Zettel_Tante-768x395.png 768w, http:\/\/wp13457063.server-he.de\/sub\/erich-und-dina\/wp-content\/uploads\/2023\/07\/1945__Zettel_Tante-1536x790.png 1536w, http:\/\/wp13457063.server-he.de\/sub\/erich-und-dina\/wp-content\/uploads\/2023\/07\/1945__Zettel_Tante-2048x1053.png 2048w, http:\/\/wp13457063.server-he.de\/sub\/erich-und-dina\/wp-content\/uploads\/2023\/07\/1945__Zettel_Tante-580x298.png 580w, http:\/\/wp13457063.server-he.de\/sub\/erich-und-dina\/wp-content\/uploads\/2023\/07\/1945__Zettel_Tante-860x442.png 860w, http:\/\/wp13457063.server-he.de\/sub\/erich-und-dina\/wp-content\/uploads\/2023\/07\/1945__Zettel_Tante-1160x597.png 1160w\" sizes=\"(max-width: 1024px) 100vw, 1024px\" \/>\t\t\t\t\t\t\t\t\t\t\t\t\t\t\t<\/div>\n\t\t\t\t<\/div>\n\t\t\t\t\t<\/div>\n\t\t<\/div>\n\t\t\t\t\t<\/div>\n\t\t<\/section>\n\t\t\t\t<section class=\"elementor-section elementor-top-section elementor-element elementor-element-169df0b elementor-section-boxed elementor-section-height-default elementor-section-height-default\" data-id=\"169df0b\" data-element_type=\"section\">\n\t\t\t\t\t\t<div class=\"elementor-container elementor-column-gap-default\">\n\t\t\t\t\t<div class=\"elementor-column elementor-col-100 elementor-top-column elementor-element elementor-element-924050d\" data-id=\"924050d\" data-element_type=\"column\">\n\t\t\t<div class=\"elementor-widget-wrap elementor-element-populated\">\n\t\t\t\t\t\t<div class=\"elementor-element elementor-element-da71e18 elementor-widget elementor-widget-text-editor\" data-id=\"da71e18\" data-element_type=\"widget\" data-widget_type=\"text-editor.default\">\n\t\t\t\t<div class=\"elementor-widget-container\">\n\t\t\t\t\t\t\t\t\t<p>Diesen Zettel hat Erika geschrieben. Es ist der Abriss, was nach dem Kriegsende der Fam. Die\u00dfner widerfahren ist.<\/p>\n<p><!-- \/wp:paragraph --><!-- wp:columns --><\/p>\n<div class=\"wp-block-columns\"><!-- wp:column {\"width\":\"33.33%\"} -->\n<div class=\"wp-block-column\" style=\"flex-basis: 33.33%;\"><!-- wp:paragraph -->\n<p>Mai 1945<\/p>\n<!-- \/wp:paragraph --><\/div>\n<!-- \/wp:column --><!-- wp:column {\"width\":\"66.66%\"} -->\n<div class=\"wp-block-column\" style=\"flex-basis: 66.66%;\"><!-- wp:paragraph -->\n<p>Amerikaner Waffengesch\u00e4ft gr\u00e4umt mit Waffensammlung, die nicht unter Kontrollratsgesetz also vor 1870 fiel<br \/>Sequester des Betriebes <br \/>Herstellung: Holzspielzeug<br \/>Verhaftung Vater: Oberweimar, in Frankfurt Oder als Kriegsgefangener entlassen<br \/>NKWD: bestand auf Reperatur von Jagdwaffen<br \/>w\u00e4hrend Abwesenheit Einsatz f\u00fcr R\u00fcckkehr<\/p>\n<!-- \/wp:paragraph --><\/div>\n<!-- \/wp:column --><\/div>\n<p><!-- \/wp:columns --><!-- wp:columns --><\/p>\n<div class=\"wp-block-columns\"><!-- wp:column {\"width\":\"33.33%\"} -->\n<div class=\"wp-block-column\" style=\"flex-basis: 33.33%;\"><!-- wp:paragraph -->\n<p>1949<\/p>\n<!-- \/wp:paragraph --><\/div>\n<!-- \/wp:column --><!-- wp:column {\"width\":\"66.66%\"} -->\n<div class=\"wp-block-column\" style=\"flex-basis: 66.66%;\"><!-- wp:paragraph -->\n<p>Enteignung<br \/>Arbeitslosenunterst\u00fctzung<br \/>Fa. Osius: Techn. Leiter bis Konkurs<br \/>Selbst\u00e4ndig: Anfang S\u00e4geschleiferei<br \/>dann dazu Me\u00dfmaschinen f\u00fcr Industrie ab W\u00e4hrungsreform mit Z\u00e4hlerbau<br \/>zusammen bis 1972<\/p>\n<\/div>\n<\/div>\t\t\t\t\t\t\t\t<\/div>\n\t\t\t\t<\/div>\n\t\t\t\t\t<\/div>\n\t\t<\/div>\n\t\t\t\t\t<\/div>\n\t\t<\/section>\n\t\t<div class=\"elementor-element elementor-element-6459fbce e-flex e-con-boxed e-con e-parent\" data-id=\"6459fbce\" data-element_type=\"container\">\n\t\t\t\t\t<div class=\"e-con-inner\">\n\t\t<div class=\"elementor-element elementor-element-72d367ad e-con-full e-flex e-con e-child\" data-id=\"72d367ad\" data-element_type=\"container\">\n\t\t\t\t<div class=\"elementor-element elementor-element-19c0840a elementor-widget elementor-widget-image\" data-id=\"19c0840a\" data-element_type=\"widget\" data-widget_type=\"image.default\">\n\t\t\t\t<div class=\"elementor-widget-container\">\n\t\t\t\t\t\t\t\t\t\t\t\t\t\t\t<img decoding=\"async\" width=\"300\" height=\"300\" src=\"http:\/\/wp13457063.server-he.de\/sub\/erich-und-dina\/wp-content\/uploads\/2024\/12\/Columne_6-300x300.png\" class=\"attachment-medium size-medium wp-image-6540\" alt=\"\" srcset=\"http:\/\/wp13457063.server-he.de\/sub\/erich-und-dina\/wp-content\/uploads\/2024\/12\/Columne_6-300x300.png 300w, http:\/\/wp13457063.server-he.de\/sub\/erich-und-dina\/wp-content\/uploads\/2024\/12\/Columne_6-1024x1024.png 1024w, http:\/\/wp13457063.server-he.de\/sub\/erich-und-dina\/wp-content\/uploads\/2024\/12\/Columne_6-150x150.png 150w, http:\/\/wp13457063.server-he.de\/sub\/erich-und-dina\/wp-content\/uploads\/2024\/12\/Columne_6-768x768.png 768w, http:\/\/wp13457063.server-he.de\/sub\/erich-und-dina\/wp-content\/uploads\/2024\/12\/Columne_6-1536x1536.png 1536w, http:\/\/wp13457063.server-he.de\/sub\/erich-und-dina\/wp-content\/uploads\/2024\/12\/Columne_6-70x70.png 70w, http:\/\/wp13457063.server-he.de\/sub\/erich-und-dina\/wp-content\/uploads\/2024\/12\/Columne_6-360x360.png 360w, http:\/\/wp13457063.server-he.de\/sub\/erich-und-dina\/wp-content\/uploads\/2024\/12\/Columne_6-580x580.png 580w, http:\/\/wp13457063.server-he.de\/sub\/erich-und-dina\/wp-content\/uploads\/2024\/12\/Columne_6-860x861.png 860w, http:\/\/wp13457063.server-he.de\/sub\/erich-und-dina\/wp-content\/uploads\/2024\/12\/Columne_6-1160x1161.png 1160w, http:\/\/wp13457063.server-he.de\/sub\/erich-und-dina\/wp-content\/uploads\/2024\/12\/Columne_6.png 1598w\" sizes=\"(max-width: 300px) 100vw, 300px\" \/>\t\t\t\t\t\t\t\t\t\t\t\t\t\t\t<\/div>\n\t\t\t\t<\/div>\n\t\t\t\t<\/div>\n\t\t<div class=\"elementor-element elementor-element-38927f7c e-con-full e-flex e-con e-child\" data-id=\"38927f7c\" data-element_type=\"container\">\n\t\t\t\t<div class=\"elementor-element elementor-element-4b2dd6b3 elementor-widget__width-initial elementor-widget elementor-widget-text-editor\" data-id=\"4b2dd6b3\" data-element_type=\"widget\" data-widget_type=\"text-editor.default\">\n\t\t\t\t<div class=\"elementor-widget-container\">\n\t\t\t\t\t\t\t\t\t<p style=\"text-align: center;\"><em>Kolumne<\/em><\/p>\t\t\t\t\t\t\t\t<\/div>\n\t\t\t\t<\/div>\n\t\t\t\t<div class=\"elementor-element elementor-element-4b3af628 elementor-widget elementor-widget-button\" data-id=\"4b3af628\" data-element_type=\"widget\" data-widget_type=\"button.default\">\n\t\t\t\t<div class=\"elementor-widget-container\">\n\t\t\t\t\t\t\t\t\t<div class=\"elementor-button-wrapper\">\n\t\t\t\t\t<a class=\"elementor-button elementor-button-link elementor-size-sm\" href=\"http:\/\/wp13457063.server-he.de\/sub\/erich-und-dina\/amis-beliebt-russen-nicht\/\">\n\t\t\t\t\t\t<span class=\"elementor-button-content-wrapper\">\n\t\t\t\t\t\t\t\t\t<span class=\"elementor-button-text\">warum waren die Russen so unbeliebt?<\/span>\n\t\t\t\t\t<\/span>\n\t\t\t\t\t<\/a>\n\t\t\t\t<\/div>\n\t\t\t\t\t\t\t\t<\/div>\n\t\t\t\t<\/div>\n\t\t\t\t<\/div>\n\t\t\t\t\t<\/div>\n\t\t\t\t<\/div>\n\t\t\t\t<\/div>\n\t\t","protected":false},"excerpt":{"rendered":"<p>05.11.1947 Verlobungsfeier in der Zeppelinstr. Die Welt wird nicht bedroht von den Menschen, die b\u00f6se sind, sondern von denen, die das B\u00f6se zulassen. Albert Einstein 08. Mai 1945 bis zum 07. Oktober 1949 Diesen Zettel hat Erika geschrieben. Es ist der Abriss, was nach dem Kriegsende der Fam. Die\u00dfner widerfahren ist. Mai 1945 Amerikaner Waffengesch\u00e4ft&#8230;<\/p>\n","protected":false},"author":1,"featured_media":0,"parent":0,"menu_order":4,"comment_status":"closed","ping_status":"closed","template":"","meta":{"footnotes":""},"class_list":["post-40","page","type-page","status-publish","hentry"],"_links":{"self":[{"href":"http:\/\/wp13457063.server-he.de\/sub\/erich-und-dina\/wp-json\/wp\/v2\/pages\/40","targetHints":{"allow":["GET"]}}],"collection":[{"href":"http:\/\/wp13457063.server-he.de\/sub\/erich-und-dina\/wp-json\/wp\/v2\/pages"}],"about":[{"href":"http:\/\/wp13457063.server-he.de\/sub\/erich-und-dina\/wp-json\/wp\/v2\/types\/page"}],"author":[{"embeddable":true,"href":"http:\/\/wp13457063.server-he.de\/sub\/erich-und-dina\/wp-json\/wp\/v2\/users\/1"}],"replies":[{"embeddable":true,"href":"http:\/\/wp13457063.server-he.de\/sub\/erich-und-dina\/wp-json\/wp\/v2\/comments?post=40"}],"version-history":[{"count":187,"href":"http:\/\/wp13457063.server-he.de\/sub\/erich-und-dina\/wp-json\/wp\/v2\/pages\/40\/revisions"}],"predecessor-version":[{"id":6976,"href":"http:\/\/wp13457063.server-he.de\/sub\/erich-und-dina\/wp-json\/wp\/v2\/pages\/40\/revisions\/6976"}],"wp:attachment":[{"href":"http:\/\/wp13457063.server-he.de\/sub\/erich-und-dina\/wp-json\/wp\/v2\/media?parent=40"}],"curies":[{"name":"wp","href":"https:\/\/api.w.org\/{rel}","templated":true}]}}