{"id":937,"date":"2021-03-17T10:24:36","date_gmt":"2021-03-17T09:24:36","guid":{"rendered":"http:\/\/wp13457063.server-he.de\/sub\/erich-und-dina\/?page_id=937"},"modified":"2024-10-19T13:09:38","modified_gmt":"2024-10-19T11:09:38","slug":"die-kaiserzeit","status":"publish","type":"page","link":"http:\/\/wp13457063.server-he.de\/sub\/erich-und-dina\/die-kaiserzeit\/","title":{"rendered":"Deutsches Kaiserreich"},"content":{"rendered":"<div class=\"wp-block-image is-style-default\">\n<figure class=\"alignright size-medium is-resized\"><img fetchpriority=\"high\" decoding=\"async\" width=\"241\" height=\"300\" src=\"http:\/\/wp13457063.server-he.de\/sub\/erich-und-dina\/wp-content\/uploads\/2021\/03\/800px-Wappen_Deutsches_Reich_-_Reichsadler_1889.svg_-241x300.png\" alt=\"\" class=\"wp-image-1140\" style=\"width:121px;height:150px\" srcset=\"http:\/\/wp13457063.server-he.de\/sub\/erich-und-dina\/wp-content\/uploads\/2021\/03\/800px-Wappen_Deutsches_Reich_-_Reichsadler_1889.svg_-241x300.png 241w, http:\/\/wp13457063.server-he.de\/sub\/erich-und-dina\/wp-content\/uploads\/2021\/03\/800px-Wappen_Deutsches_Reich_-_Reichsadler_1889.svg_-768x955.png 768w, http:\/\/wp13457063.server-he.de\/sub\/erich-und-dina\/wp-content\/uploads\/2021\/03\/800px-Wappen_Deutsches_Reich_-_Reichsadler_1889.svg_-580x721.png 580w, http:\/\/wp13457063.server-he.de\/sub\/erich-und-dina\/wp-content\/uploads\/2021\/03\/800px-Wappen_Deutsches_Reich_-_Reichsadler_1889.svg_.png 800w\" sizes=\"(max-width: 241px) 100vw, 241px\" \/><\/figure>\n<\/div>\n\n<div class=\"wp-block-image is-style-default\">\n<figure class=\"alignright size-medium is-resized\"><img decoding=\"async\" width=\"300\" height=\"212\" src=\"http:\/\/wp13457063.server-he.de\/sub\/erich-und-dina\/wp-content\/uploads\/2020\/11\/Kaiser-300x212.png\" alt=\"\" class=\"wp-image-537\" style=\"width:192px;height:136px\" srcset=\"http:\/\/wp13457063.server-he.de\/sub\/erich-und-dina\/wp-content\/uploads\/2020\/11\/Kaiser-300x212.png 300w, http:\/\/wp13457063.server-he.de\/sub\/erich-und-dina\/wp-content\/uploads\/2020\/11\/Kaiser.png 507w\" sizes=\"(max-width: 300px) 100vw, 300px\" \/><\/figure>\n<\/div>\n\n\n<p>Das <strong>Deutsche<\/strong>(s) <strong>Kaiserreich<\/strong>&nbsp;ist die retrospektive Bezeichnung f\u00fcr die Phase des&nbsp;<a href=\"https:\/\/de.wikipedia.org\/wiki\/Deutsches_Reich\">Deutschen Reichs<\/a>&nbsp;von 1871 bis 1918 zur eindeutigen Abgrenzung gegen\u00fcber der Zeit nach 1918. Im Deutschen Kaiserreich war der deutsche <a rel=\"noreferrer noopener\" href=\"https:\/\/de.wikipedia.org\/wiki\/Nationalstaat\" target=\"_blank\">Nationalstaat<\/a> eine <a rel=\"noreferrer noopener\" href=\"https:\/\/de.wikipedia.org\/wiki\/Bundesstaat_(F%C3%B6deraler_Staat)\" target=\"_blank\">bundesstaatlich<\/a>&nbsp;(oder auch&nbsp;<a rel=\"noreferrer noopener\" href=\"https:\/\/de.wikipedia.org\/wiki\/Gliedstaat\" target=\"_blank\">gliedstaatlich<\/a>) organisierte&nbsp;<a rel=\"noreferrer noopener\" href=\"https:\/\/de.wikipedia.org\/wiki\/Konstitutionelle_Monarchie\" target=\"_blank\">konstitutionelle Monarchie<\/a>.<\/p>\n\n\n\n<p>Die&nbsp;<a rel=\"noreferrer noopener\" href=\"https:\/\/de.wikipedia.org\/wiki\/Deutsche_Reichsgr%C3%BCndung\" target=\"_blank\">deutsche Reichsgr\u00fcndung<\/a>&nbsp;erfolgte mit Beginn der Wirksamkeit der&nbsp;<a rel=\"noreferrer noopener\" href=\"https:\/\/de.wikipedia.org\/wiki\/Verfassung_des_Deutschen_Bundes\" target=\"_blank\">neuen Verfassung<\/a>&nbsp;zum 1. Januar 1871.&nbsp;Sie wurde durch ein wenig spektakul\u00e4res, geheim vorbereitetes milit\u00e4risch-h\u00f6fisches Zeremoniell inszeniert, die&nbsp;<a rel=\"noreferrer noopener\" href=\"https:\/\/de.wikipedia.org\/wiki\/Kaiserproklamation\" target=\"_blank\">Kaiserproklamation<\/a>&nbsp;des&nbsp;<a rel=\"noreferrer noopener\" href=\"https:\/\/de.wikipedia.org\/wiki\/K%C3%B6nigreich_Preu%C3%9Fen\" target=\"_blank\">preu\u00dfischen K\u00f6nigs<\/a>&nbsp;<a href=\"https:\/\/de.wikipedia.org\/wiki\/Wilhelm_I._(Deutsches_Reich)\">Wilhelm I.<\/a>&nbsp;am 18. Januar 1871 im&nbsp;<a rel=\"noreferrer noopener\" href=\"https:\/\/de.wikipedia.org\/wiki\/Spiegelsaal_von_Versailles\" target=\"_blank\">Spiegelsaal von Versailles<\/a>. W\u00e4hrenddessen befand sich das Kaiserreich noch im&nbsp;<a rel=\"noreferrer noopener\" href=\"https:\/\/de.wikipedia.org\/wiki\/Deutsch-Franz%C3%B6sischer_Krieg\" target=\"_blank\">Deutsch-Franz\u00f6sischen Krieg<\/a>. Auf&nbsp;<a rel=\"noreferrer noopener\" href=\"https:\/\/de.wikipedia.org\/wiki\/Kleindeutsche_L%C3%B6sung\" target=\"_blank\">kleindeutscher<\/a>&nbsp;Grundlage und unter der Herrschaft der preu\u00dfischen&nbsp;<a rel=\"noreferrer noopener\" href=\"https:\/\/de.wikipedia.org\/wiki\/Hohenzollern\" target=\"_blank\">Hohenzollern<\/a>&nbsp;war damit erstmals ein deutscher&nbsp;<a rel=\"noreferrer noopener\" href=\"https:\/\/de.wikipedia.org\/wiki\/Nationalstaat\" target=\"_blank\">Nationalstaat<\/a>&nbsp;entstanden.&nbsp;<a rel=\"noreferrer noopener\" href=\"https:\/\/de.wikipedia.org\/wiki\/Amtssitz\" target=\"_blank\">Hauptresidenz<\/a>&nbsp;des deutschen Kaisers und preu\u00dfischen K\u00f6nigs war das&nbsp;<a rel=\"noreferrer noopener\" href=\"https:\/\/de.wikipedia.org\/wiki\/Berliner_Schloss\" target=\"_blank\">Berliner Schloss<\/a>.<\/p>\n\n\n\n<figure class=\"wp-block-audio\"><audio controls src=\"http:\/\/wp13457063.server-he.de\/sub\/erich-und-dina\/wp-content\/uploads\/2020\/11\/Heil-Dir-im-Siegerkranz.mp3\"><\/audio><\/figure>\n\n\n\n<p>Das Lied&nbsp;<strong>Heil dir im Siegerkranz<\/strong>&nbsp;war von 1795 bis 1871 die&nbsp;<a href=\"https:\/\/de.wikipedia.org\/wiki\/Preu%C3%9Fen\" target=\"_blank\" rel=\"noreferrer noopener\">preu\u00dfische<\/a>&nbsp;<em>Volkshymne<\/em>. Nach der Gr\u00fcndung des&nbsp;<a href=\"https:\/\/de.wikipedia.org\/wiki\/Deutsches_Kaiserreich\" target=\"_blank\" rel=\"noreferrer noopener\">Deutschen Kaiserreiches<\/a>&nbsp;1871 wurde das Lied zur Kaiserhymne. Sie erklang bei patriotischen Gelegenheiten mit Bezug zum Kaiser, wie Thronjubil\u00e4en und Geburts- und Todestagen, gew\u00f6hnlich aber auch zu Anl\u00e4ssen wie dem&nbsp;<a href=\"https:\/\/de.wikipedia.org\/wiki\/Sedantag\">Sedantag<\/a>&nbsp;und zu den&nbsp;<a href=\"https:\/\/de.wikipedia.org\/wiki\/Reichsgr%C3%BCndungstag\" target=\"_blank\" rel=\"noreferrer noopener\">Reichsgr\u00fcndungsfeiern<\/a>. Eine&nbsp;<a href=\"https:\/\/de.wikipedia.org\/wiki\/Nationalhymne\" target=\"_blank\" rel=\"noreferrer noopener\">Nationalhymne<\/a>&nbsp;im heutigen Sinne war es nicht, was insbesondere auf den bundesstaatlichen Aufbau des Deutschen Reichs zur\u00fcckzuf\u00fchren war. Vielmehr war es eines unter mehreren inoffiziellen oder halboffiziellen, zu derartigen Anl\u00e4ssen angestimmten Liedern wie beispielsweise auch der&nbsp;<em><a href=\"https:\/\/de.wikipedia.org\/wiki\/Die_Wacht_am_Rhein\" target=\"_blank\" rel=\"noreferrer noopener\">Wacht am Rhein<\/a><\/em>. Insbesondere die s\u00fcddeutschen Staaten standen dem Lied skeptisch gegen\u00fcber.<\/p>\n\n\n<div class=\"wp-block-image is-style-default\">\n<figure class=\"alignright size-medium is-resized\"><img decoding=\"async\" width=\"239\" height=\"300\" src=\"http:\/\/wp13457063.server-he.de\/sub\/erich-und-dina\/wp-content\/uploads\/2021\/03\/800px-Coat_of_Arms_of_the_Kingdom_of_Saxony_1806-1918-239x300.png\" alt=\"\" class=\"wp-image-1131\" style=\"width:120px;height:150px\" srcset=\"http:\/\/wp13457063.server-he.de\/sub\/erich-und-dina\/wp-content\/uploads\/2021\/03\/800px-Coat_of_Arms_of_the_Kingdom_of_Saxony_1806-1918-239x300.png 239w, http:\/\/wp13457063.server-he.de\/sub\/erich-und-dina\/wp-content\/uploads\/2021\/03\/800px-Coat_of_Arms_of_the_Kingdom_of_Saxony_1806-1918-768x965.png 768w, http:\/\/wp13457063.server-he.de\/sub\/erich-und-dina\/wp-content\/uploads\/2021\/03\/800px-Coat_of_Arms_of_the_Kingdom_of_Saxony_1806-1918-580x729.png 580w, http:\/\/wp13457063.server-he.de\/sub\/erich-und-dina\/wp-content\/uploads\/2021\/03\/800px-Coat_of_Arms_of_the_Kingdom_of_Saxony_1806-1918.png 800w\" sizes=\"(max-width: 239px) 100vw, 239px\" \/><\/figure>\n<\/div>\n\n<div class=\"wp-block-image is-style-default\">\n<figure class=\"alignright size-medium is-resized\"><img loading=\"lazy\" decoding=\"async\" width=\"300\" height=\"200\" src=\"http:\/\/wp13457063.server-he.de\/sub\/erich-und-dina\/wp-content\/uploads\/2021\/03\/Sachsen-300x200.jpg\" alt=\"\" class=\"wp-image-1155\" style=\"width:164px;height:109px\" srcset=\"http:\/\/wp13457063.server-he.de\/sub\/erich-und-dina\/wp-content\/uploads\/2021\/03\/Sachsen-300x200.jpg 300w, http:\/\/wp13457063.server-he.de\/sub\/erich-und-dina\/wp-content\/uploads\/2021\/03\/Sachsen-1024x683.jpg 1024w, http:\/\/wp13457063.server-he.de\/sub\/erich-und-dina\/wp-content\/uploads\/2021\/03\/Sachsen-768x512.jpg 768w, http:\/\/wp13457063.server-he.de\/sub\/erich-und-dina\/wp-content\/uploads\/2021\/03\/Sachsen-580x387.jpg 580w, http:\/\/wp13457063.server-he.de\/sub\/erich-und-dina\/wp-content\/uploads\/2021\/03\/Sachsen-860x574.jpg 860w, http:\/\/wp13457063.server-he.de\/sub\/erich-und-dina\/wp-content\/uploads\/2021\/03\/Sachsen-1160x774.jpg 1160w, http:\/\/wp13457063.server-he.de\/sub\/erich-und-dina\/wp-content\/uploads\/2021\/03\/Sachsen.jpg 1417w\" sizes=\"(max-width: 300px) 100vw, 300px\" \/><\/figure>\n<\/div>\n\n\n<p><strong>Erich<\/strong> war im K\u00f6nigreich Sachsen geboren:<br>Das&nbsp;<strong>K\u00f6nigreich Sachsen<\/strong>&nbsp;entstand aus dem&nbsp;<a rel=\"noreferrer noopener\" href=\"https:\/\/de.wikipedia.org\/wiki\/Kurf%C3%BCrstentum_Sachsen\" target=\"_blank\">Kurf\u00fcrstentum Sachsen<\/a>&nbsp;und existierte von 1806 bis 1918. Es geh\u00f6rte von 1806 bis 1815 dem&nbsp;<a rel=\"noreferrer noopener\" href=\"https:\/\/de.wikipedia.org\/wiki\/Rheinbund\" target=\"_blank\">Rheinbund<\/a>&nbsp;und von 1815 bis 1866 dem&nbsp;<a rel=\"noreferrer noopener\" href=\"https:\/\/de.wikipedia.org\/wiki\/Deutscher_Bund\" target=\"_blank\">Deutschen Bund<\/a>&nbsp;an. Seit 1867 war es&nbsp;<a rel=\"noreferrer noopener\" href=\"https:\/\/de.wikipedia.org\/wiki\/Gliedstaat\" target=\"_blank\">Bundesstaat<\/a>&nbsp;des&nbsp;<a rel=\"noreferrer noopener\" href=\"https:\/\/de.wikipedia.org\/wiki\/Norddeutscher_Bund\" target=\"_blank\">Norddeutschen Bundes<\/a>&nbsp;und von 1871 bis 1918 des&nbsp;<a rel=\"noreferrer noopener\" href=\"https:\/\/de.wikipedia.org\/wiki\/Deutsches_Kaiserreich\" target=\"_blank\">Deutschen Reiches<\/a>. Die Hauptstadt war&nbsp;<a href=\"https:\/\/de.wikipedia.org\/wiki\/Dresden\">Dresden<\/a>.<\/p>\n\n\n\n<figure class=\"wp-block-audio\"><audio controls src=\"http:\/\/wp13457063.server-he.de\/sub\/erich-und-dina\/wp-content\/uploads\/2021\/03\/Sachsenhymne.mp3\"><\/audio><\/figure>\n\n\n\n<p>Die&nbsp;<a href=\"https:\/\/de.wikipedia.org\/wiki\/Bachkantate\">Kantate<\/a>&nbsp;wurde anl\u00e4sslich eines Besuches des&nbsp;<a rel=\"noreferrer noopener\" href=\"https:\/\/de.wikipedia.org\/wiki\/Kurf%C3%BCrstentum_Sachsen\" target=\"_blank\">s\u00e4chsischen Kurf\u00fcrsten<\/a>&nbsp;und&nbsp;<a href=\"https:\/\/de.wikipedia.org\/wiki\/Polen\" target=\"_blank\" rel=\"noreferrer noopener\">polnischen<\/a>&nbsp;K\u00f6nigs&nbsp;<a href=\"https:\/\/de.wikipedia.org\/wiki\/August_III._(Polen)\" target=\"_blank\" rel=\"noreferrer noopener\">August&nbsp;III.<\/a>&nbsp;in&nbsp;<a href=\"https:\/\/de.wikipedia.org\/wiki\/Leipzig\">Leipzig<\/a>&nbsp;<br>am 5.&nbsp;Oktober 1734 uraufgef\u00fchrt. Den kurzfristig angek\u00fcndigten Besuch nahmen die Studenten des Collegium musicum der Universit\u00e4t Leipzig zum Anlass, dem F\u00fcrsten im Rahmen eines feierlichen Fackelzuges vor dem <a href=\"https:\/\/de.wikipedia.org\/wiki\/Apelsches_Haus\" target=\"_blank\" rel=\"noreferrer noopener\">Apelschen Hause<\/a>, in dem er logierte, eine Abendmusik darzubringen. Den Text verfasste der&nbsp;<a href=\"https:\/\/de.wikipedia.org\/wiki\/Magister\" target=\"_blank\" rel=\"noreferrer noopener\">Magister<\/a>&nbsp;<a href=\"https:\/\/de.wikipedia.org\/w\/index.php?title=Johann_Christoph_Clauder&amp;action=edit&amp;redlink=1\" target=\"_blank\" rel=\"noreferrer noopener\">Johann Christoph Clauder<\/a>. Bach hatte f\u00fcr die Komposition nur sehr wenig Zeit zur Verf\u00fcgung, m\u00f6glicherweise nur drei Tage. Daher wird vermutet, dass er im&nbsp;<a href=\"https:\/\/de.wikipedia.org\/wiki\/Parodie\">Parodie<\/a>verfahren auf bestehende Werke zur\u00fcckgriff. Allerdings m\u00fcsste es sich in diesem Falle ausschlie\u00dflich um verschollene St\u00fccke handeln, da das verwendete Notenmaterial in keiner anderen Bachkomposition nachweisbar ist. Als wahrscheinlich gilt, dass der Eingangschor eine Parodie der nachgewiesenen aber verlorenen Gl\u00fcckwunschkantate&nbsp;<em>Es lebe der K\u00f6nig, der Vater im Lande<\/em>&nbsp;(BWV&nbsp;Anh.&nbsp;11) darstellt, die zwei Jahre zuvor anl\u00e4sslich des Namenstages&nbsp;<a href=\"https:\/\/de.wikipedia.org\/wiki\/August_II._(Polen)\" target=\"_blank\" rel=\"noreferrer noopener\">Augusts des Starken<\/a>&nbsp;entstanden war.<\/p>\n\n\n<div class=\"wp-block-image is-style-default\">\n<figure class=\"alignright size-medium is-resized\"><img loading=\"lazy\" decoding=\"async\" width=\"194\" height=\"300\" src=\"http:\/\/wp13457063.server-he.de\/sub\/erich-und-dina\/wp-content\/uploads\/2021\/03\/800px-Coat_of_Arms_of_the_Kingdom_of_Prussia_1873-1918.svg_-194x300.png\" alt=\"\" class=\"wp-image-1150\" style=\"width:120px;height:176px\" srcset=\"http:\/\/wp13457063.server-he.de\/sub\/erich-und-dina\/wp-content\/uploads\/2021\/03\/800px-Coat_of_Arms_of_the_Kingdom_of_Prussia_1873-1918.svg_-194x300.png 194w, http:\/\/wp13457063.server-he.de\/sub\/erich-und-dina\/wp-content\/uploads\/2021\/03\/800px-Coat_of_Arms_of_the_Kingdom_of_Prussia_1873-1918.svg_-663x1024.png 663w, http:\/\/wp13457063.server-he.de\/sub\/erich-und-dina\/wp-content\/uploads\/2021\/03\/800px-Coat_of_Arms_of_the_Kingdom_of_Prussia_1873-1918.svg_-768x1187.png 768w, http:\/\/wp13457063.server-he.de\/sub\/erich-und-dina\/wp-content\/uploads\/2021\/03\/800px-Coat_of_Arms_of_the_Kingdom_of_Prussia_1873-1918.svg_-580x896.png 580w, http:\/\/wp13457063.server-he.de\/sub\/erich-und-dina\/wp-content\/uploads\/2021\/03\/800px-Coat_of_Arms_of_the_Kingdom_of_Prussia_1873-1918.svg_.png 800w\" sizes=\"(max-width: 194px) 100vw, 194px\" \/><\/figure>\n<\/div>\n\n<div class=\"wp-block-image is-style-default\">\n<figure class=\"alignright size-medium is-resized\"><img loading=\"lazy\" decoding=\"async\" width=\"300\" height=\"180\" src=\"http:\/\/wp13457063.server-he.de\/sub\/erich-und-dina\/wp-content\/uploads\/2021\/03\/1280px-Flag_of_Prussia_1892-1918.svg_-300x180.png\" alt=\"\" class=\"wp-image-1152\" style=\"width:160px;height:96px\" srcset=\"http:\/\/wp13457063.server-he.de\/sub\/erich-und-dina\/wp-content\/uploads\/2021\/03\/1280px-Flag_of_Prussia_1892-1918.svg_-300x180.png 300w, http:\/\/wp13457063.server-he.de\/sub\/erich-und-dina\/wp-content\/uploads\/2021\/03\/1280px-Flag_of_Prussia_1892-1918.svg_-1024x614.png 1024w, http:\/\/wp13457063.server-he.de\/sub\/erich-und-dina\/wp-content\/uploads\/2021\/03\/1280px-Flag_of_Prussia_1892-1918.svg_-768x461.png 768w, http:\/\/wp13457063.server-he.de\/sub\/erich-und-dina\/wp-content\/uploads\/2021\/03\/1280px-Flag_of_Prussia_1892-1918.svg_-580x348.png 580w, http:\/\/wp13457063.server-he.de\/sub\/erich-und-dina\/wp-content\/uploads\/2021\/03\/1280px-Flag_of_Prussia_1892-1918.svg_-860x516.png 860w, http:\/\/wp13457063.server-he.de\/sub\/erich-und-dina\/wp-content\/uploads\/2021\/03\/1280px-Flag_of_Prussia_1892-1918.svg_-1160x696.png 1160w, http:\/\/wp13457063.server-he.de\/sub\/erich-und-dina\/wp-content\/uploads\/2021\/03\/1280px-Flag_of_Prussia_1892-1918.svg_.png 1280w\" sizes=\"(max-width: 300px) 100vw, 300px\" \/><\/figure>\n<\/div>\n\n\n<p><strong>Dina<\/strong> war in der Rheinprovinz des K\u00f6nigreiches Preu\u00dfen geboren:<br>Die\u00a0<strong>Rheinprovinz<\/strong>\u00a0<em>(Provinz Rheinland, Rheinpreu\u00dfen, die\u00a0<a href=\"https:\/\/de.wikipedia.org\/wiki\/Rheinlande\" target=\"_blank\" rel=\"noreferrer noopener\">Rheinlande<\/a>)<\/em>\u00a0war eine der\u00a0<a href=\"https:\/\/de.wikipedia.org\/wiki\/Liste_der_Provinzen_Preu%C3%9Fens\" target=\"_blank\" rel=\"noreferrer noopener\">preu\u00dfischen Provinzen<\/a>, die vom 22. Juni 1822 bis zur Aufl\u00f6sung nach dem\u00a0<a href=\"https:\/\/de.wikipedia.org\/wiki\/Zweiter_Weltkrieg\" target=\"_blank\" rel=\"noreferrer noopener\">Zweiten Weltkrieg<\/a>\u00a0den\u00a0<a href=\"https:\/\/de.wikipedia.org\/wiki\/Preu%C3%9Fen\" target=\"_blank\" rel=\"noreferrer noopener\">preu\u00dfischen Staat<\/a>\u00a0bildeten. Sie umfasste das Rheinland von <em>Saarbr\u00fccken<\/em> bis <em>Kleve<\/em>. <a href=\"https:\/\/de.wikipedia.org\/wiki\/Sitz_(juristische_Person)\" target=\"_blank\" rel=\"noreferrer noopener\">Sitz<\/a>\u00a0des\u00a0<a href=\"https:\/\/de.wikipedia.org\/wiki\/Oberpr%C3%A4sident\" target=\"_blank\" rel=\"noreferrer noopener\">Oberpr\u00e4sidenten<\/a>\u00a0und der anderen staatlichen Verwaltungsbeh\u00f6rden f\u00fcr die Provinz war\u00a0<a href=\"https:\/\/de.wikipedia.org\/wiki\/Koblenz\" target=\"_blank\" rel=\"noreferrer noopener\">Koblenz<\/a>. Der Parlaments- und Verwaltungssitz f\u00fcr den\u00a0<em><a href=\"https:\/\/de.wikipedia.org\/wiki\/Provinzialverband_der_Rheinprovinz\" target=\"_blank\" rel=\"noreferrer noopener\">Provinzialverband der Rheinprovinz<\/a><\/em>, eine Selbstverwaltungsk\u00f6rperschaft f\u00fcr \u00fcberkommunale Aufgaben mit den Hauptorgan <em><a href=\"https:\/\/de.wikipedia.org\/wiki\/Landeshauptmann#Preu%C3%9Fen\" target=\"_blank\" rel=\"noreferrer noopener\">Landeshauptmann<\/a><\/em>\u00a0und\u00a0<em><a href=\"https:\/\/de.wikipedia.org\/wiki\/Provinziallandtag_(Preu%C3%9Fen)\" target=\"_blank\" rel=\"noreferrer noopener\">Provinziallandtag<\/a><\/em>, war\u00a0<a href=\"https:\/\/de.wikipedia.org\/wiki\/D%C3%BCsseldorf\" target=\"_blank\" rel=\"noreferrer noopener\">D\u00fcsseldorf<\/a>. Der n\u00f6rdliche Teil dieser Provinz liegt heute im\u00a0<a href=\"https:\/\/de.wikipedia.org\/wiki\/Land_(Deutschland)\" target=\"_blank\" rel=\"noreferrer noopener\">Land<\/a>\u00a0<a href=\"https:\/\/de.wikipedia.org\/wiki\/Nordrhein-Westfalen\" target=\"_blank\" rel=\"noreferrer noopener\">Nordrhein-Westfalen<\/a>, der s\u00fcdliche in\u00a0<a href=\"https:\/\/de.wikipedia.org\/wiki\/Rheinland-Pfalz\" target=\"_blank\" rel=\"noreferrer noopener\">Rheinland-Pfalz<\/a>\u00a0und im\u00a0<a href=\"https:\/\/de.wikipedia.org\/wiki\/Saarland\" target=\"_blank\" rel=\"noreferrer noopener\">Saarland<\/a>. Kleinere Teile geh\u00f6ren heute zu\u00a0<a href=\"https:\/\/de.wikipedia.org\/wiki\/Hessen\" target=\"_blank\" rel=\"noreferrer noopener\">Hessen<\/a>\u00a0(ehemaliger\u00a0<a href=\"https:\/\/de.wikipedia.org\/wiki\/Landkreis_Wetzlar\" target=\"_blank\" rel=\"noreferrer noopener\">Landkreis Wetzlar<\/a>) und zu Belgien (ehemalige Kreise\u00a0<a href=\"https:\/\/de.wikipedia.org\/wiki\/Kreis_Eupen\" target=\"_blank\" rel=\"noreferrer noopener\">Eupen<\/a>\u00a0und\u00a0<a href=\"https:\/\/de.wikipedia.org\/wiki\/Kreis_Malmedy\" target=\"_blank\" rel=\"noreferrer noopener\">Malmedy<\/a>).<\/p>\n\n\n\n<figure class=\"wp-block-audio\"><audio controls src=\"http:\/\/wp13457063.server-he.de\/sub\/erich-und-dina\/wp-content\/uploads\/2021\/03\/Die-Wacht-am-Rhein.mp3\"><\/audio><\/figure>\n\n\n\n<p><strong>Die Wacht am Rhein<\/strong>&nbsp;ist ein patriotisches Lied, welches im&nbsp;<a href=\"https:\/\/de.wikipedia.org\/wiki\/Deutsches_Kaiserreich\" target=\"_blank\" rel=\"noreferrer noopener\">Deutschen Kaiserreich<\/a>&nbsp;ab 1871 neben&nbsp;<em><a href=\"https:\/\/de.wikipedia.org\/wiki\/Heil_dir_im_Siegerkranz\" target=\"_blank\" rel=\"noreferrer noopener\">Heil dir im Siegerkranz<\/a><\/em>&nbsp;die Funktion einer inoffiziellen&nbsp;<a href=\"https:\/\/de.wikipedia.org\/wiki\/Nationalhymne\" target=\"_blank\" rel=\"noreferrer noopener\">Nationalhymne<\/a>&nbsp;hatte. Der Text wurde 1840 w\u00e4hrend der&nbsp;<a href=\"https:\/\/de.wikipedia.org\/wiki\/Rheinkrise\" target=\"_blank\" rel=\"noreferrer noopener\">Rheinkrise<\/a>&nbsp;von&nbsp;<a href=\"https:\/\/de.wikipedia.org\/wiki\/Max_Schneckenburger\" target=\"_blank\" rel=\"noreferrer noopener\">Max Schneckenburger<\/a>&nbsp;verfasst. Erst mit der im M\u00e4rz 1854 von&nbsp;<a href=\"https:\/\/de.wikipedia.org\/wiki\/Carl_Wilhelm_(Chorleiter)\" target=\"_blank\" rel=\"noreferrer noopener\">Carl Wilhelm<\/a>&nbsp;komponierten Vertonung und prominenten Auff\u00fchrung bei der Silberhochzeit des sp\u00e4teren Kaisers&nbsp;<a href=\"https:\/\/de.wikipedia.org\/wiki\/Wilhelm_I._(Deutsches_Reich)\" target=\"_blank\" rel=\"noreferrer noopener\">Wilhelm&nbsp;I.<\/a>&nbsp;gewann es an Popularit\u00e4t, die sich 1870\/71 noch steigerte.<\/p>\n\n\n\n<p>alle Texte zitiert aus Wikipedia<\/p>\n","protected":false},"excerpt":{"rendered":"<p>Das Deutsche(s) Kaiserreich&nbsp;ist die retrospektive Bezeichnung f\u00fcr die Phase des&nbsp;Deutschen Reichs&nbsp;von 1871 bis 1918 zur eindeutigen Abgrenzung gegen\u00fcber der Zeit nach 1918. Im Deutschen Kaiserreich war der deutsche Nationalstaat eine bundesstaatlich&nbsp;(oder auch&nbsp;gliedstaatlich) organisierte&nbsp;konstitutionelle Monarchie. Die&nbsp;deutsche Reichsgr\u00fcndung&nbsp;erfolgte mit Beginn der Wirksamkeit der&nbsp;neuen Verfassung&nbsp;zum 1. Januar 1871.&nbsp;Sie wurde durch ein wenig spektakul\u00e4res, geheim vorbereitetes milit\u00e4risch-h\u00f6fisches Zeremoniell inszeniert,&#8230;<\/p>\n","protected":false},"author":1,"featured_media":0,"parent":0,"menu_order":0,"comment_status":"closed","ping_status":"closed","template":"","meta":{"footnotes":""},"class_list":["post-937","page","type-page","status-publish","hentry"],"_links":{"self":[{"href":"http:\/\/wp13457063.server-he.de\/sub\/erich-und-dina\/wp-json\/wp\/v2\/pages\/937","targetHints":{"allow":["GET"]}}],"collection":[{"href":"http:\/\/wp13457063.server-he.de\/sub\/erich-und-dina\/wp-json\/wp\/v2\/pages"}],"about":[{"href":"http:\/\/wp13457063.server-he.de\/sub\/erich-und-dina\/wp-json\/wp\/v2\/types\/page"}],"author":[{"embeddable":true,"href":"http:\/\/wp13457063.server-he.de\/sub\/erich-und-dina\/wp-json\/wp\/v2\/users\/1"}],"replies":[{"embeddable":true,"href":"http:\/\/wp13457063.server-he.de\/sub\/erich-und-dina\/wp-json\/wp\/v2\/comments?post=937"}],"version-history":[{"count":37,"href":"http:\/\/wp13457063.server-he.de\/sub\/erich-und-dina\/wp-json\/wp\/v2\/pages\/937\/revisions"}],"predecessor-version":[{"id":5472,"href":"http:\/\/wp13457063.server-he.de\/sub\/erich-und-dina\/wp-json\/wp\/v2\/pages\/937\/revisions\/5472"}],"wp:attachment":[{"href":"http:\/\/wp13457063.server-he.de\/sub\/erich-und-dina\/wp-json\/wp\/v2\/media?parent=937"}],"curies":[{"name":"wp","href":"https:\/\/api.w.org\/{rel}","templated":true}]}}