{"id":95,"date":"2020-10-31T23:13:41","date_gmt":"2020-10-31T22:13:41","guid":{"rendered":"http:\/\/wp13457063.server-he.de\/sub\/erich-und-dina\/?page_id=95"},"modified":"2024-12-17T15:31:41","modified_gmt":"2024-12-17T14:31:41","slug":"erichs-kinder-und-jugendjahre","status":"publish","type":"page","link":"http:\/\/wp13457063.server-he.de\/sub\/erich-und-dina\/in-der-kaiserzeit\/erichs-kinder-und-jugendjahre\/","title":{"rendered":"Erichs Kinder- und Jugendjahre"},"content":{"rendered":"\t\t<div data-elementor-type=\"wp-page\" data-elementor-id=\"95\" class=\"elementor elementor-95\" data-elementor-post-type=\"page\">\n\t\t\t\t<div class=\"elementor-element elementor-element-182b084 e-flex e-con-boxed e-con e-parent\" data-id=\"182b084\" data-element_type=\"container\" data-settings=\"{&quot;background_background&quot;:&quot;classic&quot;}\">\n\t\t\t\t\t<div class=\"e-con-inner\">\n\t\t<div class=\"elementor-element elementor-element-08a6399 e-con-full e-flex e-con e-child\" data-id=\"08a6399\" data-element_type=\"container\">\n\t\t\t\t<div class=\"elementor-element elementor-element-9992dae elementor-widget__width-initial elementor-widget elementor-widget-image\" data-id=\"9992dae\" data-element_type=\"widget\" data-widget_type=\"image.default\">\n\t\t\t\t<div class=\"elementor-widget-container\">\n\t\t\t\t\t\t\t\t\t\t\t\t\t\t\t<img fetchpriority=\"high\" decoding=\"async\" width=\"388\" height=\"622\" src=\"http:\/\/wp13457063.server-he.de\/sub\/erich-und-dina\/wp-content\/uploads\/2024\/10\/1901_11_25_Erich.webp\" class=\"attachment-medium_large size-medium_large wp-image-4710\" alt=\"\" srcset=\"http:\/\/wp13457063.server-he.de\/sub\/erich-und-dina\/wp-content\/uploads\/2024\/10\/1901_11_25_Erich.webp 388w, http:\/\/wp13457063.server-he.de\/sub\/erich-und-dina\/wp-content\/uploads\/2024\/10\/1901_11_25_Erich-187x300.webp 187w\" sizes=\"(max-width: 388px) 100vw, 388px\" \/>\t\t\t\t\t\t\t\t\t\t\t\t\t\t\t<\/div>\n\t\t\t\t<\/div>\n\t\t\t\t<div class=\"elementor-element elementor-element-afd858e elementor-widget__width-initial elementor-widget elementor-widget-text-editor\" data-id=\"afd858e\" data-element_type=\"widget\" data-widget_type=\"text-editor.default\">\n\t\t\t\t<div class=\"elementor-widget-container\">\n\t\t\t\t\t\t\t\t\t<h1>Kinderjahre<\/h1><p>Die Kinderjahre und seine Schulzeit erstrecken sich vom Geburtsjahr 1895 bis zum Fr\u00fchjahr 1910.\u00a0 Er besuchte die &#8222;Einfache deutsch-wendische Volksschule zu Kotitz&#8220;, die eine Wegstunde von S\u00e4rka entfernt lag, seit 1902. Zu Ostern 1910 gibts das Abschlusszeugnis.<\/p>\t\t\t\t\t\t\t\t<\/div>\n\t\t\t\t<\/div>\n\t\t\t\t<\/div>\n\t\t\t\t\t<\/div>\n\t\t\t\t<\/div>\n\t\t<div class=\"elementor-element elementor-element-5bbb13f2 e-flex e-con-boxed e-con e-parent\" data-id=\"5bbb13f2\" data-element_type=\"container\">\n\t\t\t\t\t<div class=\"e-con-inner\">\n\t\t<div class=\"elementor-element elementor-element-668f9d5 e-con-full e-flex e-con e-child\" data-id=\"668f9d5\" data-element_type=\"container\">\n\t\t\t\t<div class=\"elementor-element elementor-element-3b378a30 elementor-widget elementor-widget-image\" data-id=\"3b378a30\" data-element_type=\"widget\" data-widget_type=\"image.default\">\n\t\t\t\t<div class=\"elementor-widget-container\">\n\t\t\t\t\t\t\t\t\t\t\t\t\t\t\t<img decoding=\"async\" width=\"1024\" height=\"1024\" src=\"http:\/\/wp13457063.server-he.de\/sub\/erich-und-dina\/wp-content\/uploads\/2024\/12\/Doku_Foto_sw_2-1024x1024.png\" class=\"attachment-large size-large wp-image-6652\" alt=\"\" srcset=\"http:\/\/wp13457063.server-he.de\/sub\/erich-und-dina\/wp-content\/uploads\/2024\/12\/Doku_Foto_sw_2-1024x1024.png 1024w, http:\/\/wp13457063.server-he.de\/sub\/erich-und-dina\/wp-content\/uploads\/2024\/12\/Doku_Foto_sw_2-300x300.png 300w, http:\/\/wp13457063.server-he.de\/sub\/erich-und-dina\/wp-content\/uploads\/2024\/12\/Doku_Foto_sw_2-150x150.png 150w, http:\/\/wp13457063.server-he.de\/sub\/erich-und-dina\/wp-content\/uploads\/2024\/12\/Doku_Foto_sw_2-768x768.png 768w, http:\/\/wp13457063.server-he.de\/sub\/erich-und-dina\/wp-content\/uploads\/2024\/12\/Doku_Foto_sw_2-1536x1536.png 1536w, http:\/\/wp13457063.server-he.de\/sub\/erich-und-dina\/wp-content\/uploads\/2024\/12\/Doku_Foto_sw_2-70x70.png 70w, http:\/\/wp13457063.server-he.de\/sub\/erich-und-dina\/wp-content\/uploads\/2024\/12\/Doku_Foto_sw_2-360x360.png 360w, http:\/\/wp13457063.server-he.de\/sub\/erich-und-dina\/wp-content\/uploads\/2024\/12\/Doku_Foto_sw_2-580x580.png 580w, http:\/\/wp13457063.server-he.de\/sub\/erich-und-dina\/wp-content\/uploads\/2024\/12\/Doku_Foto_sw_2-860x861.png 860w, http:\/\/wp13457063.server-he.de\/sub\/erich-und-dina\/wp-content\/uploads\/2024\/12\/Doku_Foto_sw_2-1160x1161.png 1160w, http:\/\/wp13457063.server-he.de\/sub\/erich-und-dina\/wp-content\/uploads\/2024\/12\/Doku_Foto_sw_2.png 1598w\" sizes=\"(max-width: 1024px) 100vw, 1024px\" \/>\t\t\t\t\t\t\t\t\t\t\t\t\t\t\t<\/div>\n\t\t\t\t<\/div>\n\t\t\t\t<\/div>\n\t\t<div class=\"elementor-element elementor-element-53f8479f e-con-full e-flex e-con e-child\" data-id=\"53f8479f\" data-element_type=\"container\">\n\t\t<div class=\"elementor-element elementor-element-364c5d10 e-con-full e-flex e-con e-child\" data-id=\"364c5d10\" data-element_type=\"container\">\n\t\t\t\t<div class=\"elementor-element elementor-element-515d422b elementor-widget__width-initial elementor-widget elementor-widget-text-editor\" data-id=\"515d422b\" data-element_type=\"widget\" data-widget_type=\"text-editor.default\">\n\t\t\t\t<div class=\"elementor-widget-container\">\n\t\t\t\t\t\t\t\t\t<p style=\"text-align: left;\"><em>Fotos und Dokumente: <\/em>Kinderjahre<\/p>\t\t\t\t\t\t\t\t<\/div>\n\t\t\t\t<\/div>\n\t\t\t\t<div class=\"elementor-element elementor-element-4aacee4 elementor-widget elementor-widget-gallery\" data-id=\"4aacee4\" data-element_type=\"widget\" data-settings=\"{&quot;gallery_layout&quot;:&quot;masonry&quot;,&quot;overlay_title&quot;:&quot;caption&quot;,&quot;columns&quot;:3,&quot;lazyload&quot;:&quot;yes&quot;,&quot;columns_tablet&quot;:2,&quot;columns_mobile&quot;:1,&quot;gap&quot;:{&quot;unit&quot;:&quot;px&quot;,&quot;size&quot;:10,&quot;sizes&quot;:[]},&quot;gap_tablet&quot;:{&quot;unit&quot;:&quot;px&quot;,&quot;size&quot;:10,&quot;sizes&quot;:[]},&quot;gap_mobile&quot;:{&quot;unit&quot;:&quot;px&quot;,&quot;size&quot;:10,&quot;sizes&quot;:[]},&quot;link_to&quot;:&quot;file&quot;,&quot;overlay_background&quot;:&quot;yes&quot;,&quot;content_hover_animation&quot;:&quot;fade-in&quot;}\" data-widget_type=\"gallery.default\">\n\t\t\t\t<div class=\"elementor-widget-container\">\n\t\t\t\t\t\t\t<div class=\"elementor-gallery__container\">\n\t\t\t\t\t\t\t<a class=\"e-gallery-item elementor-gallery-item elementor-animated-content\" href=\"http:\/\/wp13457063.server-he.de\/sub\/erich-und-dina\/wp-content\/uploads\/2024\/10\/1895_11_27_Erich_Geburtsurkunde_original.png\" data-elementor-open-lightbox=\"yes\" data-elementor-lightbox-slideshow=\"4aacee4\" data-elementor-lightbox-title=\"1895_11_27_Erich_Geburtsurkunde_original\" data-e-action-hash=\"#elementor-action%3Aaction%3Dlightbox%26settings%3DeyJpZCI6NDcwOCwidXJsIjoiaHR0cDpcL1wvd3AxMzQ1NzA2My5zZXJ2ZXItaGUuZGVcL3N1YlwvZXJpY2gtdW5kLWRpbmFcL3dwLWNvbnRlbnRcL3VwbG9hZHNcLzIwMjRcLzEwXC8xODk1XzExXzI3X0VyaWNoX0dlYnVydHN1cmt1bmRlX29yaWdpbmFsLnBuZyIsInNsaWRlc2hvdyI6IjRhYWNlZTQifQ%3D%3D\">\n\t\t\t\t\t<div class=\"e-gallery-image elementor-gallery-item__image\" data-thumbnail=\"http:\/\/wp13457063.server-he.de\/sub\/erich-und-dina\/wp-content\/uploads\/2024\/10\/1895_11_27_Erich_Geburtsurkunde_original-212x300.png\" data-width=\"212\" data-height=\"300\" aria-label=\"\" role=\"img\" ><\/div>\n\t\t\t\t\t\t\t\t\t\t\t<div class=\"elementor-gallery-item__overlay\"><\/div>\n\t\t\t\t\t\t\t\t\t\t\t\t\t\t\t<div class=\"elementor-gallery-item__content\">\n\t\t\t\t\t\t\t\t\t\t\t\t\t\t<div class=\"elementor-gallery-item__title\">\n\t\t\t\t\t\t\t\t\t\t\t\t\t\t\t\t\t\tGeburtsurkunde vom 27.11.1895, man beachte  \"Friedrich Ehrig\"\t\t\t\t\t\t\t\t<\/div>\n\t\t\t\t\t\t\t\t\t\t\t\t<\/div>\n\t\t\t\t\t\t\t\t\t<\/a>\n\t\t\t\t\t\t\t<a class=\"e-gallery-item elementor-gallery-item elementor-animated-content\" href=\"http:\/\/wp13457063.server-he.de\/sub\/erich-und-dina\/wp-content\/uploads\/2024\/10\/1895_11_27_Erich_Geburtsurkunde_Abschrift.png\" data-elementor-open-lightbox=\"yes\" data-elementor-lightbox-slideshow=\"4aacee4\" data-elementor-lightbox-title=\"1895_11_27_Erich_Geburtsurkunde_Abschrift\" data-e-action-hash=\"#elementor-action%3Aaction%3Dlightbox%26settings%3DeyJpZCI6NDk1MCwidXJsIjoiaHR0cDpcL1wvd3AxMzQ1NzA2My5zZXJ2ZXItaGUuZGVcL3N1YlwvZXJpY2gtdW5kLWRpbmFcL3dwLWNvbnRlbnRcL3VwbG9hZHNcLzIwMjRcLzEwXC8xODk1XzExXzI3X0VyaWNoX0dlYnVydHN1cmt1bmRlX0Fic2NocmlmdC5wbmciLCJzbGlkZXNob3ciOiI0YWFjZWU0In0%3D\">\n\t\t\t\t\t<div class=\"e-gallery-image elementor-gallery-item__image\" data-thumbnail=\"http:\/\/wp13457063.server-he.de\/sub\/erich-und-dina\/wp-content\/uploads\/2024\/10\/1895_11_27_Erich_Geburtsurkunde_Abschrift-214x300.png\" data-width=\"214\" data-height=\"300\" aria-label=\"\" role=\"img\" ><\/div>\n\t\t\t\t\t\t\t\t\t\t\t<div class=\"elementor-gallery-item__overlay\"><\/div>\n\t\t\t\t\t\t\t\t\t\t\t\t\t\t\t<div class=\"elementor-gallery-item__content\">\n\t\t\t\t\t\t\t\t\t\t\t\t\t\t<div class=\"elementor-gallery-item__title\">\n\t\t\t\t\t\t\t\t\t\t\t\t\t\t\t\t\t\tGeburtsurkunde \"\u00dcbersetzung\"\t\t\t\t\t\t\t\t<\/div>\n\t\t\t\t\t\t\t\t\t\t\t\t<\/div>\n\t\t\t\t\t\t\t\t\t<\/a>\n\t\t\t\t\t\t\t<a class=\"e-gallery-item elementor-gallery-item elementor-animated-content\" href=\"http:\/\/wp13457063.server-he.de\/sub\/erich-und-dina\/wp-content\/uploads\/2024\/10\/1896_11_25_Erich.webp\" data-elementor-open-lightbox=\"yes\" data-elementor-lightbox-slideshow=\"4aacee4\" data-elementor-lightbox-title=\"1896_11_25_Erich\" data-e-action-hash=\"#elementor-action%3Aaction%3Dlightbox%26settings%3DeyJpZCI6NDcwOSwidXJsIjoiaHR0cDpcL1wvd3AxMzQ1NzA2My5zZXJ2ZXItaGUuZGVcL3N1YlwvZXJpY2gtdW5kLWRpbmFcL3dwLWNvbnRlbnRcL3VwbG9hZHNcLzIwMjRcLzEwXC8xODk2XzExXzI1X0VyaWNoLndlYnAiLCJzbGlkZXNob3ciOiI0YWFjZWU0In0%3D\">\n\t\t\t\t\t<div class=\"e-gallery-image elementor-gallery-item__image\" data-thumbnail=\"http:\/\/wp13457063.server-he.de\/sub\/erich-und-dina\/wp-content\/uploads\/2024\/10\/1896_11_25_Erich-188x300.webp\" data-width=\"188\" data-height=\"300\" aria-label=\"\" role=\"img\" ><\/div>\n\t\t\t\t\t\t\t\t\t\t\t<div class=\"elementor-gallery-item__overlay\"><\/div>\n\t\t\t\t\t\t\t\t\t\t\t\t\t\t\t<div class=\"elementor-gallery-item__content\">\n\t\t\t\t\t\t\t\t\t\t\t\t\t\t<div class=\"elementor-gallery-item__title\">\n\t\t\t\t\t\t\t\t\t\t\t\t\t\t\t\t\t\tErich 1 Jahr alt\t\t\t\t\t\t\t\t<\/div>\n\t\t\t\t\t\t\t\t\t\t\t\t<\/div>\n\t\t\t\t\t\t\t\t\t<\/a>\n\t\t\t\t\t\t\t<a class=\"e-gallery-item elementor-gallery-item elementor-animated-content\" href=\"http:\/\/wp13457063.server-he.de\/sub\/erich-und-dina\/wp-content\/uploads\/2021\/03\/1881__Clara_Alfred.jpg\" data-elementor-open-lightbox=\"yes\" data-elementor-lightbox-slideshow=\"4aacee4\" data-elementor-lightbox-title=\"1881__Clara_Alfred\" data-e-action-hash=\"#elementor-action%3Aaction%3Dlightbox%26settings%3DeyJpZCI6MTEwOSwidXJsIjoiaHR0cDpcL1wvd3AxMzQ1NzA2My5zZXJ2ZXItaGUuZGVcL3N1YlwvZXJpY2gtdW5kLWRpbmFcL3dwLWNvbnRlbnRcL3VwbG9hZHNcLzIwMjFcLzAzXC8xODgxX19DbGFyYV9BbGZyZWQuanBnIiwic2xpZGVzaG93IjoiNGFhY2VlNCJ9\">\n\t\t\t\t\t<div class=\"e-gallery-image elementor-gallery-item__image\" data-thumbnail=\"http:\/\/wp13457063.server-he.de\/sub\/erich-und-dina\/wp-content\/uploads\/2021\/03\/1881__Clara_Alfred-300x247.jpg\" data-width=\"300\" data-height=\"247\" aria-label=\"\" role=\"img\" ><\/div>\n\t\t\t\t\t\t\t\t\t\t\t<div class=\"elementor-gallery-item__overlay\"><\/div>\n\t\t\t\t\t\t\t\t\t\t\t\t\t\t\t<div class=\"elementor-gallery-item__content\">\n\t\t\t\t\t\t\t\t\t\t\t\t\t\t<div class=\"elementor-gallery-item__title\">\n\t\t\t\t\t\t\t\t\t\t\t\t\t\t\t\t\t\tdie Eltern\t\t\t\t\t\t\t\t<\/div>\n\t\t\t\t\t\t\t\t\t\t\t\t<\/div>\n\t\t\t\t\t\t\t\t\t<\/a>\n\t\t\t\t\t\t\t<a class=\"e-gallery-item elementor-gallery-item elementor-animated-content\" href=\"http:\/\/wp13457063.server-he.de\/sub\/erich-und-dina\/wp-content\/uploads\/2021\/03\/Bauarbeiten-vor-Diessners-Gaststaette.jpeg\" data-elementor-open-lightbox=\"yes\" data-elementor-lightbox-slideshow=\"4aacee4\" data-elementor-lightbox-title=\"Bauarbeiten vor Die\u00dfners Gastst\u00e4tte\" data-e-action-hash=\"#elementor-action%3Aaction%3Dlightbox%26settings%3DeyJpZCI6MTI4NCwidXJsIjoiaHR0cDpcL1wvd3AxMzQ1NzA2My5zZXJ2ZXItaGUuZGVcL3N1YlwvZXJpY2gtdW5kLWRpbmFcL3dwLWNvbnRlbnRcL3VwbG9hZHNcLzIwMjFcLzAzXC9CYXVhcmJlaXRlbi12b3ItRGllc3NuZXJzLUdhc3RzdGFldHRlLmpwZWciLCJzbGlkZXNob3ciOiI0YWFjZWU0In0%3D\">\n\t\t\t\t\t<div class=\"e-gallery-image elementor-gallery-item__image\" data-thumbnail=\"http:\/\/wp13457063.server-he.de\/sub\/erich-und-dina\/wp-content\/uploads\/2021\/03\/Bauarbeiten-vor-Diessners-Gaststaette-300x215.jpeg\" data-width=\"300\" data-height=\"215\" aria-label=\"\" role=\"img\" ><\/div>\n\t\t\t\t\t\t\t\t\t\t\t<div class=\"elementor-gallery-item__overlay\"><\/div>\n\t\t\t\t\t\t\t\t\t\t\t\t\t\t\t<div class=\"elementor-gallery-item__content\">\n\t\t\t\t\t\t\t\t\t\t\t\t\t\t<div class=\"elementor-gallery-item__title\">\n\t\t\t\t\t\t\t\t\t\t\t\t\t\t\t\t\t\tdas Elternhaus\t\t\t\t\t\t\t\t<\/div>\n\t\t\t\t\t\t\t\t\t\t\t\t<\/div>\n\t\t\t\t\t\t\t\t\t<\/a>\n\t\t\t\t\t\t\t<a class=\"e-gallery-item elementor-gallery-item elementor-animated-content\" href=\"http:\/\/wp13457063.server-he.de\/sub\/erich-und-dina\/wp-content\/uploads\/2024\/10\/1901_11_25_Erich.webp\" data-elementor-open-lightbox=\"yes\" data-elementor-lightbox-slideshow=\"4aacee4\" data-elementor-lightbox-title=\"1901_11_25_Erich\" data-e-action-hash=\"#elementor-action%3Aaction%3Dlightbox%26settings%3DeyJpZCI6NDcxMCwidXJsIjoiaHR0cDpcL1wvd3AxMzQ1NzA2My5zZXJ2ZXItaGUuZGVcL3N1YlwvZXJpY2gtdW5kLWRpbmFcL3dwLWNvbnRlbnRcL3VwbG9hZHNcLzIwMjRcLzEwXC8xOTAxXzExXzI1X0VyaWNoLndlYnAiLCJzbGlkZXNob3ciOiI0YWFjZWU0In0%3D\">\n\t\t\t\t\t<div class=\"e-gallery-image elementor-gallery-item__image\" data-thumbnail=\"http:\/\/wp13457063.server-he.de\/sub\/erich-und-dina\/wp-content\/uploads\/2024\/10\/1901_11_25_Erich-187x300.webp\" data-width=\"187\" data-height=\"300\" aria-label=\"\" role=\"img\" ><\/div>\n\t\t\t\t\t\t\t\t\t\t\t<div class=\"elementor-gallery-item__overlay\"><\/div>\n\t\t\t\t\t\t\t\t\t\t\t\t\t\t\t<div class=\"elementor-gallery-item__content\">\n\t\t\t\t\t\t\t\t\t\t\t\t\t\t<div class=\"elementor-gallery-item__title\">\n\t\t\t\t\t\t\t\t\t\t\t\t\t\t\t\t\t\tErich als Schulkind\t\t\t\t\t\t\t\t<\/div>\n\t\t\t\t\t\t\t\t\t\t\t\t<\/div>\n\t\t\t\t\t\t\t\t\t<\/a>\n\t\t\t\t\t\t\t<a class=\"e-gallery-item elementor-gallery-item elementor-animated-content\" href=\"http:\/\/wp13457063.server-he.de\/sub\/erich-und-dina\/wp-content\/uploads\/2024\/10\/1910_03_17_Entlassungszeugnis_Volksschule.png\" data-elementor-open-lightbox=\"yes\" data-elementor-lightbox-slideshow=\"4aacee4\" data-elementor-lightbox-title=\"1910_03_17_Entlassungszeugnis_Volksschule\" data-e-action-hash=\"#elementor-action%3Aaction%3Dlightbox%26settings%3DeyJpZCI6NDcxOSwidXJsIjoiaHR0cDpcL1wvd3AxMzQ1NzA2My5zZXJ2ZXItaGUuZGVcL3N1YlwvZXJpY2gtdW5kLWRpbmFcL3dwLWNvbnRlbnRcL3VwbG9hZHNcLzIwMjRcLzEwXC8xOTEwXzAzXzE3X0VudGxhc3N1bmdzemV1Z25pc19Wb2xrc3NjaHVsZS5wbmciLCJzbGlkZXNob3ciOiI0YWFjZWU0In0%3D\">\n\t\t\t\t\t<div class=\"e-gallery-image elementor-gallery-item__image\" data-thumbnail=\"http:\/\/wp13457063.server-he.de\/sub\/erich-und-dina\/wp-content\/uploads\/2024\/10\/1910_03_17_Entlassungszeugnis_Volksschule-187x300.png\" data-width=\"187\" data-height=\"300\" aria-label=\"\" role=\"img\" ><\/div>\n\t\t\t\t\t\t\t\t\t\t\t<div class=\"elementor-gallery-item__overlay\"><\/div>\n\t\t\t\t\t\t\t\t\t\t\t\t\t\t\t<div class=\"elementor-gallery-item__content\">\n\t\t\t\t\t\t\t\t\t\t\t\t\t\t<div class=\"elementor-gallery-item__title\">\n\t\t\t\t\t\t\t\t\t\t\t\t\t\t\t\t\t\tAbschlusszeugnis 1910\t\t\t\t\t\t\t\t<\/div>\n\t\t\t\t\t\t\t\t\t\t\t\t<\/div>\n\t\t\t\t\t\t\t\t\t<\/a>\n\t\t\t\t\t\t\t<a class=\"e-gallery-item elementor-gallery-item elementor-animated-content\" href=\"http:\/\/wp13457063.server-he.de\/sub\/erich-und-dina\/wp-content\/uploads\/2024\/10\/1910_03_25_Konfirmationsschein_Erich.png\" data-elementor-open-lightbox=\"yes\" data-elementor-lightbox-slideshow=\"4aacee4\" data-elementor-lightbox-title=\"1910_03_25_Konfirmationsschein_Erich\" data-e-action-hash=\"#elementor-action%3Aaction%3Dlightbox%26settings%3DeyJpZCI6NDcxMywidXJsIjoiaHR0cDpcL1wvd3AxMzQ1NzA2My5zZXJ2ZXItaGUuZGVcL3N1YlwvZXJpY2gtdW5kLWRpbmFcL3dwLWNvbnRlbnRcL3VwbG9hZHNcLzIwMjRcLzEwXC8xOTEwXzAzXzI1X0tvbmZpcm1hdGlvbnNzY2hlaW5fRXJpY2gucG5nIiwic2xpZGVzaG93IjoiNGFhY2VlNCJ9\">\n\t\t\t\t\t<div class=\"e-gallery-image elementor-gallery-item__image\" data-thumbnail=\"http:\/\/wp13457063.server-he.de\/sub\/erich-und-dina\/wp-content\/uploads\/2024\/10\/1910_03_25_Konfirmationsschein_Erich-300x229.png\" data-width=\"300\" data-height=\"229\" aria-label=\"\" role=\"img\" ><\/div>\n\t\t\t\t\t\t\t\t\t\t\t<div class=\"elementor-gallery-item__overlay\"><\/div>\n\t\t\t\t\t\t\t\t\t\t\t\t\t\t\t<div class=\"elementor-gallery-item__content\">\n\t\t\t\t\t\t\t\t\t\t\t\t\t\t<div class=\"elementor-gallery-item__title\">\n\t\t\t\t\t\t\t\t\t\t\t\t\t\t\t\t\t\t1910 Konfirmation\t\t\t\t\t\t\t\t<\/div>\n\t\t\t\t\t\t\t\t\t\t\t\t<\/div>\n\t\t\t\t\t\t\t\t\t<\/a>\n\t\t\t\t\t\t\t<a class=\"e-gallery-item elementor-gallery-item elementor-animated-content\" href=\"http:\/\/wp13457063.server-he.de\/sub\/erich-und-dina\/wp-content\/uploads\/2024\/10\/1900__Onkel_Max_Tante_Agnes.png\" data-elementor-open-lightbox=\"yes\" data-elementor-lightbox-slideshow=\"4aacee4\" data-elementor-lightbox-title=\"1900__Onkel_Max_Tante_Agnes\" data-e-action-hash=\"#elementor-action%3Aaction%3Dlightbox%26settings%3DeyJpZCI6NTMyNCwidXJsIjoiaHR0cDpcL1wvd3AxMzQ1NzA2My5zZXJ2ZXItaGUuZGVcL3N1YlwvZXJpY2gtdW5kLWRpbmFcL3dwLWNvbnRlbnRcL3VwbG9hZHNcLzIwMjRcLzEwXC8xOTAwX19PbmtlbF9NYXhfVGFudGVfQWduZXMucG5nIiwic2xpZGVzaG93IjoiNGFhY2VlNCJ9\">\n\t\t\t\t\t<div class=\"e-gallery-image elementor-gallery-item__image\" data-thumbnail=\"http:\/\/wp13457063.server-he.de\/sub\/erich-und-dina\/wp-content\/uploads\/2024\/10\/1900__Onkel_Max_Tante_Agnes-300x203.png\" data-width=\"300\" data-height=\"203\" aria-label=\"\" role=\"img\" ><\/div>\n\t\t\t\t\t\t\t\t\t\t\t<div class=\"elementor-gallery-item__overlay\"><\/div>\n\t\t\t\t\t\t\t\t\t\t\t\t\t\t\t<div class=\"elementor-gallery-item__content\">\n\t\t\t\t\t\t\t\t\t\t\t\t\t\t<div class=\"elementor-gallery-item__title\">\n\t\t\t\t\t\t\t\t\t\t\t\t\t\t\t\t\t\tTante Agnes und Onkel Max\t\t\t\t\t\t\t\t<\/div>\n\t\t\t\t\t\t\t\t\t\t\t\t<\/div>\n\t\t\t\t\t\t\t\t\t<\/a>\n\t\t\t\t\t\t\t<a class=\"e-gallery-item elementor-gallery-item elementor-animated-content\" href=\"http:\/\/wp13457063.server-he.de\/sub\/erich-und-dina\/wp-content\/uploads\/2024\/10\/1909_Sommer_Saerka_Gruppe_im_Garten.png\" data-elementor-open-lightbox=\"yes\" data-elementor-lightbox-slideshow=\"4aacee4\" data-elementor-lightbox-title=\"1909_Sommer_S\u00e4rka_Gruppe_im_Garten\" data-e-action-hash=\"#elementor-action%3Aaction%3Dlightbox%26settings%3DeyJpZCI6NTIxNCwidXJsIjoiaHR0cDpcL1wvd3AxMzQ1NzA2My5zZXJ2ZXItaGUuZGVcL3N1YlwvZXJpY2gtdW5kLWRpbmFcL3dwLWNvbnRlbnRcL3VwbG9hZHNcLzIwMjRcLzEwXC8xOTA5X1NvbW1lcl9TYWVya2FfR3J1cHBlX2ltX0dhcnRlbi5wbmciLCJzbGlkZXNob3ciOiI0YWFjZWU0In0%3D\">\n\t\t\t\t\t<div class=\"e-gallery-image elementor-gallery-item__image\" data-thumbnail=\"http:\/\/wp13457063.server-he.de\/sub\/erich-und-dina\/wp-content\/uploads\/2024\/10\/1909_Sommer_Saerka_Gruppe_im_Garten-300x213.png\" data-width=\"300\" data-height=\"213\" aria-label=\"\" role=\"img\" ><\/div>\n\t\t\t\t\t\t\t\t\t\t\t<div class=\"elementor-gallery-item__overlay\"><\/div>\n\t\t\t\t\t\t\t\t\t\t\t\t\t\t\t<div class=\"elementor-gallery-item__content\">\n\t\t\t\t\t\t\t\t\t\t\t\t\t\t<div class=\"elementor-gallery-item__title\">\n\t\t\t\t\t\t\t\t\t\t\t\t\t\t\t\t\t\tFamilienfoto in S\u00e4rka (zweiter von Links ist Erich)\t\t\t\t\t\t\t\t<\/div>\n\t\t\t\t\t\t\t\t\t\t\t\t<\/div>\n\t\t\t\t\t\t\t\t\t<\/a>\n\t\t\t\t\t<\/div>\n\t\t\t\t\t<\/div>\n\t\t\t\t<\/div>\n\t\t\t\t<\/div>\n\t\t\t\t<\/div>\n\t\t\t\t\t<\/div>\n\t\t\t\t<\/div>\n\t\t<div class=\"elementor-element elementor-element-1c54b28 e-flex e-con-boxed e-con e-parent\" data-id=\"1c54b28\" data-element_type=\"container\">\n\t\t\t\t\t<div class=\"e-con-inner\">\n\t\t\t\t<div class=\"elementor-element elementor-element-892d449 elementor-widget elementor-widget-spacer\" data-id=\"892d449\" data-element_type=\"widget\" data-widget_type=\"spacer.default\">\n\t\t\t\t<div class=\"elementor-widget-container\">\n\t\t\t\t\t\t\t<div class=\"elementor-spacer\">\n\t\t\t<div class=\"elementor-spacer-inner\"><\/div>\n\t\t<\/div>\n\t\t\t\t\t\t<\/div>\n\t\t\t\t<\/div>\n\t\t\t\t\t<\/div>\n\t\t\t\t<\/div>\n\t\t<div class=\"elementor-element elementor-element-a72dd5d e-flex e-con-boxed e-con e-parent\" data-id=\"a72dd5d\" data-element_type=\"container\" data-settings=\"{&quot;background_background&quot;:&quot;classic&quot;}\">\n\t\t\t\t\t<div class=\"e-con-inner\">\n\t\t\t\t<div class=\"elementor-element elementor-element-2e0a3a8 elementor-widget__width-initial elementor-widget elementor-widget-text-editor\" data-id=\"2e0a3a8\" data-element_type=\"widget\" data-widget_type=\"text-editor.default\">\n\t\t\t\t<div class=\"elementor-widget-container\">\n\t\t\t\t\t\t\t\t\t<h1>Lehrjahre<\/h1><p>Im Fr\u00fchjahr 1910 muss f\u00fcr Erich eine Lehrstelle gefunden werden. Er wollte am liebsten F\u00f6rster werden. Seine Mutter hatte was dagegen, denn ihrer Wahrnehmung zu Folge w\u00fcrden die &#8222;alle&#8220; von den Wildereren erschossen. Der Kompromiss: Erich wird B\u00fcchsenmacher und die Fa. Heinze in L\u00f6bau schlie\u00dft mit ihm einen Lehrvertrag ab.<br \/>Seine Vorstellungen sind die, dass er nach der Lehre zur Gewehrfabrik Spandau will, um im Beamtenverh\u00e4ltnis sein Auskommen zu finden.<br \/>Aber davor &#8222;muss&#8220; er seinen Milit\u00e4rdienst leisten. Onkel Max hat auch da eine L\u00f6sung. Einj\u00e4hriger Freiwilliger beim Garde Grenadierregiment Nr. 1 &#8222;Zar Alexander&#8220; in Berlin. Dort hatte Max auch als Feldwebel gedient.<br \/>Erich wird angenommen und tritt seinen Dienst im Oktober 1913 an.<br \/>Vom M\u00e4rz bis September 1913 stellt ihn sein Meister Heinze als Geselle mit Dienstwohnung ein.<\/p>\t\t\t\t\t\t\t\t<\/div>\n\t\t\t\t<\/div>\n\t\t\t\t<div class=\"elementor-element elementor-element-3730d5a elementor-widget__width-initial elementor-widget elementor-widget-image\" data-id=\"3730d5a\" data-element_type=\"widget\" data-widget_type=\"image.default\">\n\t\t\t\t<div class=\"elementor-widget-container\">\n\t\t\t\t\t\t\t\t\t\t\t\t\t\t\t<img decoding=\"async\" width=\"416\" height=\"652\" src=\"http:\/\/wp13457063.server-he.de\/sub\/erich-und-dina\/wp-content\/uploads\/2024\/10\/1909_11_25_Erich.png\" class=\"attachment-medium_large size-medium_large wp-image-5212\" alt=\"\" srcset=\"http:\/\/wp13457063.server-he.de\/sub\/erich-und-dina\/wp-content\/uploads\/2024\/10\/1909_11_25_Erich.png 416w, http:\/\/wp13457063.server-he.de\/sub\/erich-und-dina\/wp-content\/uploads\/2024\/10\/1909_11_25_Erich-191x300.png 191w\" sizes=\"(max-width: 416px) 100vw, 416px\" \/>\t\t\t\t\t\t\t\t\t\t\t\t\t\t\t<\/div>\n\t\t\t\t<\/div>\n\t\t\t\t\t<\/div>\n\t\t\t\t<\/div>\n\t\t<div class=\"elementor-element elementor-element-6f560753 e-flex e-con-boxed e-con e-parent\" data-id=\"6f560753\" data-element_type=\"container\">\n\t\t\t\t\t<div class=\"e-con-inner\">\n\t\t<div class=\"elementor-element elementor-element-6fb34e4c e-con-full e-flex e-con e-child\" data-id=\"6fb34e4c\" data-element_type=\"container\">\n\t\t\t\t<div class=\"elementor-element elementor-element-2ee6cca0 elementor-widget elementor-widget-image\" data-id=\"2ee6cca0\" data-element_type=\"widget\" data-widget_type=\"image.default\">\n\t\t\t\t<div class=\"elementor-widget-container\">\n\t\t\t\t\t\t\t\t\t\t\t\t\t\t\t<img decoding=\"async\" width=\"1024\" height=\"1024\" src=\"http:\/\/wp13457063.server-he.de\/sub\/erich-und-dina\/wp-content\/uploads\/2024\/12\/Doku_Foto_sw_2-1024x1024.png\" class=\"attachment-large size-large wp-image-6652\" alt=\"\" srcset=\"http:\/\/wp13457063.server-he.de\/sub\/erich-und-dina\/wp-content\/uploads\/2024\/12\/Doku_Foto_sw_2-1024x1024.png 1024w, http:\/\/wp13457063.server-he.de\/sub\/erich-und-dina\/wp-content\/uploads\/2024\/12\/Doku_Foto_sw_2-300x300.png 300w, http:\/\/wp13457063.server-he.de\/sub\/erich-und-dina\/wp-content\/uploads\/2024\/12\/Doku_Foto_sw_2-150x150.png 150w, http:\/\/wp13457063.server-he.de\/sub\/erich-und-dina\/wp-content\/uploads\/2024\/12\/Doku_Foto_sw_2-768x768.png 768w, http:\/\/wp13457063.server-he.de\/sub\/erich-und-dina\/wp-content\/uploads\/2024\/12\/Doku_Foto_sw_2-1536x1536.png 1536w, http:\/\/wp13457063.server-he.de\/sub\/erich-und-dina\/wp-content\/uploads\/2024\/12\/Doku_Foto_sw_2-70x70.png 70w, http:\/\/wp13457063.server-he.de\/sub\/erich-und-dina\/wp-content\/uploads\/2024\/12\/Doku_Foto_sw_2-360x360.png 360w, http:\/\/wp13457063.server-he.de\/sub\/erich-und-dina\/wp-content\/uploads\/2024\/12\/Doku_Foto_sw_2-580x580.png 580w, http:\/\/wp13457063.server-he.de\/sub\/erich-und-dina\/wp-content\/uploads\/2024\/12\/Doku_Foto_sw_2-860x861.png 860w, http:\/\/wp13457063.server-he.de\/sub\/erich-und-dina\/wp-content\/uploads\/2024\/12\/Doku_Foto_sw_2-1160x1161.png 1160w, http:\/\/wp13457063.server-he.de\/sub\/erich-und-dina\/wp-content\/uploads\/2024\/12\/Doku_Foto_sw_2.png 1598w\" sizes=\"(max-width: 1024px) 100vw, 1024px\" \/>\t\t\t\t\t\t\t\t\t\t\t\t\t\t\t<\/div>\n\t\t\t\t<\/div>\n\t\t\t\t<\/div>\n\t\t<div class=\"elementor-element elementor-element-75be964b e-con-full e-flex e-con e-child\" data-id=\"75be964b\" data-element_type=\"container\">\n\t\t<div class=\"elementor-element elementor-element-4d9c90b7 e-con-full e-flex e-con e-child\" data-id=\"4d9c90b7\" data-element_type=\"container\">\n\t\t\t\t<div class=\"elementor-element elementor-element-47082278 elementor-widget__width-initial elementor-widget elementor-widget-text-editor\" data-id=\"47082278\" data-element_type=\"widget\" data-widget_type=\"text-editor.default\">\n\t\t\t\t<div class=\"elementor-widget-container\">\n\t\t\t\t\t\t\t\t\t<p style=\"text-align: left;\"><em>Fotos und Dokumente: <\/em>Lehrjahre<\/p>\t\t\t\t\t\t\t\t<\/div>\n\t\t\t\t<\/div>\n\t\t\t\t<div class=\"elementor-element elementor-element-1120c7d elementor-widget elementor-widget-gallery\" data-id=\"1120c7d\" data-element_type=\"widget\" data-settings=\"{&quot;gallery_layout&quot;:&quot;masonry&quot;,&quot;overlay_title&quot;:&quot;caption&quot;,&quot;columns&quot;:3,&quot;lazyload&quot;:&quot;yes&quot;,&quot;columns_tablet&quot;:2,&quot;columns_mobile&quot;:1,&quot;gap&quot;:{&quot;unit&quot;:&quot;px&quot;,&quot;size&quot;:10,&quot;sizes&quot;:[]},&quot;gap_tablet&quot;:{&quot;unit&quot;:&quot;px&quot;,&quot;size&quot;:10,&quot;sizes&quot;:[]},&quot;gap_mobile&quot;:{&quot;unit&quot;:&quot;px&quot;,&quot;size&quot;:10,&quot;sizes&quot;:[]},&quot;link_to&quot;:&quot;file&quot;,&quot;overlay_background&quot;:&quot;yes&quot;,&quot;content_hover_animation&quot;:&quot;fade-in&quot;}\" data-widget_type=\"gallery.default\">\n\t\t\t\t<div class=\"elementor-widget-container\">\n\t\t\t\t\t\t\t<div class=\"elementor-gallery__container\">\n\t\t\t\t\t\t\t<a class=\"e-gallery-item elementor-gallery-item elementor-animated-content\" href=\"http:\/\/wp13457063.server-he.de\/sub\/erich-und-dina\/wp-content\/uploads\/2024\/10\/1913_03_22_Gesellenbrief.webp\" data-elementor-open-lightbox=\"yes\" data-elementor-lightbox-slideshow=\"1120c7d\" data-elementor-lightbox-title=\"1913_03_22_Gesellenbrief\" data-e-action-hash=\"#elementor-action%3Aaction%3Dlightbox%26settings%3DeyJpZCI6NDcxNywidXJsIjoiaHR0cDpcL1wvd3AxMzQ1NzA2My5zZXJ2ZXItaGUuZGVcL3N1YlwvZXJpY2gtdW5kLWRpbmFcL3dwLWNvbnRlbnRcL3VwbG9hZHNcLzIwMjRcLzEwXC8xOTEzXzAzXzIyX0dlc2VsbGVuYnJpZWYud2VicCIsInNsaWRlc2hvdyI6IjExMjBjN2QifQ%3D%3D\">\n\t\t\t\t\t<div class=\"e-gallery-image elementor-gallery-item__image\" data-thumbnail=\"http:\/\/wp13457063.server-he.de\/sub\/erich-und-dina\/wp-content\/uploads\/2024\/10\/1913_03_22_Gesellenbrief-300x253.webp\" data-width=\"300\" data-height=\"253\" aria-label=\"\" role=\"img\" ><\/div>\n\t\t\t\t\t\t\t\t\t\t\t<div class=\"elementor-gallery-item__overlay\"><\/div>\n\t\t\t\t\t\t\t\t\t\t\t\t\t\t\t<div class=\"elementor-gallery-item__content\">\n\t\t\t\t\t\t\t\t\t\t\t\t\t\t<div class=\"elementor-gallery-item__title\">\n\t\t\t\t\t\t\t\t\t\t\t\t\t\t\t\t\t\tLehrbrief vom 22.03.1913\t\t\t\t\t\t\t\t<\/div>\n\t\t\t\t\t\t\t\t\t\t\t\t<\/div>\n\t\t\t\t\t\t\t\t\t<\/a>\n\t\t\t\t\t\t\t<a class=\"e-gallery-item elementor-gallery-item elementor-animated-content\" href=\"http:\/\/wp13457063.server-he.de\/sub\/erich-und-dina\/wp-content\/uploads\/2024\/10\/1913_03_26_Lehrbrief_IS.png\" data-elementor-open-lightbox=\"yes\" data-elementor-lightbox-slideshow=\"1120c7d\" data-elementor-lightbox-title=\"1913_03_26_Lehrbrief_IS\" data-e-action-hash=\"#elementor-action%3Aaction%3Dlightbox%26settings%3DeyJpZCI6NTgyNiwidXJsIjoiaHR0cDpcL1wvd3AxMzQ1NzA2My5zZXJ2ZXItaGUuZGVcL3N1YlwvZXJpY2gtdW5kLWRpbmFcL3dwLWNvbnRlbnRcL3VwbG9hZHNcLzIwMjRcLzEwXC8xOTEzXzAzXzI2X0xlaHJicmllZl9JUy5wbmciLCJzbGlkZXNob3ciOiIxMTIwYzdkIn0%3D\">\n\t\t\t\t\t<div class=\"e-gallery-image elementor-gallery-item__image\" data-thumbnail=\"http:\/\/wp13457063.server-he.de\/sub\/erich-und-dina\/wp-content\/uploads\/2024\/10\/1913_03_26_Lehrbrief_IS-300x235.png\" data-width=\"300\" data-height=\"235\" aria-label=\"\" role=\"img\" ><\/div>\n\t\t\t\t\t\t\t\t\t\t\t<div class=\"elementor-gallery-item__overlay\"><\/div>\n\t\t\t\t\t\t\t\t\t\t\t\t\t\t\t<div class=\"elementor-gallery-item__content\">\n\t\t\t\t\t\t\t\t\t\t\t\t\t\t<div class=\"elementor-gallery-item__title\">\n\t\t\t\t\t\t\t\t\t\t\t\t\t\t\t\t\t\tPr\u00fcfungszeugnis \t\t\t\t\t\t\t\t<\/div>\n\t\t\t\t\t\t\t\t\t\t\t\t<\/div>\n\t\t\t\t\t\t\t\t\t<\/a>\n\t\t\t\t\t\t\t<a class=\"e-gallery-item elementor-gallery-item elementor-animated-content\" href=\"http:\/\/wp13457063.server-he.de\/sub\/erich-und-dina\/wp-content\/uploads\/2024\/10\/1913_03_10_Entlassungszeugnis_Fortbildungsschule.png\" data-elementor-open-lightbox=\"yes\" data-elementor-lightbox-slideshow=\"1120c7d\" data-elementor-lightbox-title=\"1913_03_10_Entlassungszeugnis_Fortbildungsschule\" data-e-action-hash=\"#elementor-action%3Aaction%3Dlightbox%26settings%3DeyJpZCI6NTgyMiwidXJsIjoiaHR0cDpcL1wvd3AxMzQ1NzA2My5zZXJ2ZXItaGUuZGVcL3N1YlwvZXJpY2gtdW5kLWRpbmFcL3dwLWNvbnRlbnRcL3VwbG9hZHNcLzIwMjRcLzEwXC8xOTEzXzAzXzEwX0VudGxhc3N1bmdzemV1Z25pc19Gb3J0YmlsZHVuZ3NzY2h1bGUucG5nIiwic2xpZGVzaG93IjoiMTEyMGM3ZCJ9\">\n\t\t\t\t\t<div class=\"e-gallery-image elementor-gallery-item__image\" data-thumbnail=\"http:\/\/wp13457063.server-he.de\/sub\/erich-und-dina\/wp-content\/uploads\/2024\/10\/1913_03_10_Entlassungszeugnis_Fortbildungsschule-175x300.png\" data-width=\"175\" data-height=\"300\" aria-label=\"\" role=\"img\" ><\/div>\n\t\t\t\t\t\t\t\t\t\t\t<div class=\"elementor-gallery-item__overlay\"><\/div>\n\t\t\t\t\t\t\t\t\t\t\t\t\t\t\t<div class=\"elementor-gallery-item__content\">\n\t\t\t\t\t\t\t\t\t\t\t\t\t\t<div class=\"elementor-gallery-item__title\">\n\t\t\t\t\t\t\t\t\t\t\t\t\t\t\t\t\t\tZeugnis Fortbildungschule\t\t\t\t\t\t\t\t<\/div>\n\t\t\t\t\t\t\t\t\t\t\t\t<\/div>\n\t\t\t\t\t\t\t\t\t<\/a>\n\t\t\t\t\t\t\t<a class=\"e-gallery-item elementor-gallery-item elementor-animated-content\" href=\"http:\/\/wp13457063.server-he.de\/sub\/erich-und-dina\/wp-content\/uploads\/2024\/10\/1909_06__Erich_Lehrling_Buechsenmacher.webp\" data-elementor-open-lightbox=\"yes\" data-elementor-lightbox-slideshow=\"1120c7d\" data-elementor-lightbox-title=\"1909_06__Erich_Lehrling_B\u00fcchsenmacher\" data-e-action-hash=\"#elementor-action%3Aaction%3Dlightbox%26settings%3DeyJpZCI6NDcxMSwidXJsIjoiaHR0cDpcL1wvd3AxMzQ1NzA2My5zZXJ2ZXItaGUuZGVcL3N1YlwvZXJpY2gtdW5kLWRpbmFcL3dwLWNvbnRlbnRcL3VwbG9hZHNcLzIwMjRcLzEwXC8xOTA5XzA2X19FcmljaF9MZWhybGluZ19CdWVjaHNlbm1hY2hlci53ZWJwIiwic2xpZGVzaG93IjoiMTEyMGM3ZCJ9\">\n\t\t\t\t\t<div class=\"e-gallery-image elementor-gallery-item__image\" data-thumbnail=\"http:\/\/wp13457063.server-he.de\/sub\/erich-und-dina\/wp-content\/uploads\/2024\/10\/1909_06__Erich_Lehrling_Buechsenmacher-300x193.webp\" data-width=\"300\" data-height=\"193\" aria-label=\"\" role=\"img\" ><\/div>\n\t\t\t\t\t\t\t\t\t\t\t<div class=\"elementor-gallery-item__overlay\"><\/div>\n\t\t\t\t\t\t\t\t\t\t\t\t\t\t\t<div class=\"elementor-gallery-item__content\">\n\t\t\t\t\t\t\t\t\t\t\t\t\t\t<div class=\"elementor-gallery-item__title\">\n\t\t\t\t\t\t\t\t\t\t\t\t\t\t\t\t\t\tFa. Heinze in L\u00f6bau mit den \"Neuen\"\t\t\t\t\t\t\t\t<\/div>\n\t\t\t\t\t\t\t\t\t\t\t\t<\/div>\n\t\t\t\t\t\t\t\t\t<\/a>\n\t\t\t\t\t\t\t<a class=\"e-gallery-item elementor-gallery-item elementor-animated-content\" href=\"http:\/\/wp13457063.server-he.de\/sub\/erich-und-dina\/wp-content\/uploads\/2024\/10\/1909_06__Erich_Lehrling_Fa_Heinze.webp\" data-elementor-open-lightbox=\"yes\" data-elementor-lightbox-slideshow=\"1120c7d\" data-elementor-lightbox-title=\"1909_06__Erich_Lehrling_Fa_Heinze\" data-e-action-hash=\"#elementor-action%3Aaction%3Dlightbox%26settings%3DeyJpZCI6NDcxMiwidXJsIjoiaHR0cDpcL1wvd3AxMzQ1NzA2My5zZXJ2ZXItaGUuZGVcL3N1YlwvZXJpY2gtdW5kLWRpbmFcL3dwLWNvbnRlbnRcL3VwbG9hZHNcLzIwMjRcLzEwXC8xOTA5XzA2X19FcmljaF9MZWhybGluZ19GYV9IZWluemUud2VicCIsInNsaWRlc2hvdyI6IjExMjBjN2QifQ%3D%3D\">\n\t\t\t\t\t<div class=\"e-gallery-image elementor-gallery-item__image\" data-thumbnail=\"http:\/\/wp13457063.server-he.de\/sub\/erich-und-dina\/wp-content\/uploads\/2024\/10\/1909_06__Erich_Lehrling_Fa_Heinze-191x300.webp\" data-width=\"191\" data-height=\"300\" aria-label=\"\" role=\"img\" ><\/div>\n\t\t\t\t\t\t\t\t\t\t\t<div class=\"elementor-gallery-item__overlay\"><\/div>\n\t\t\t\t\t\t\t\t\t\t\t\t\t\t\t<div class=\"elementor-gallery-item__content\">\n\t\t\t\t\t\t\t\t\t\t\t\t\t\t<div class=\"elementor-gallery-item__title\">\n\t\t\t\t\t\t\t\t\t\t\t\t\t\t\t\t\t\tGeschoss- und Gewehrfabrik Heinze\t\t\t\t\t\t\t\t<\/div>\n\t\t\t\t\t\t\t\t\t\t\t\t<\/div>\n\t\t\t\t\t\t\t\t\t<\/a>\n\t\t\t\t\t\t\t<a class=\"e-gallery-item elementor-gallery-item elementor-animated-content\" href=\"http:\/\/wp13457063.server-he.de\/sub\/erich-und-dina\/wp-content\/uploads\/2024\/10\/1910_04_10_Erich_Arbeitsbuch2.webp\" data-elementor-open-lightbox=\"yes\" data-elementor-lightbox-slideshow=\"1120c7d\" data-elementor-lightbox-title=\"1910_04_10_Erich_Arbeitsbuch2\" data-e-action-hash=\"#elementor-action%3Aaction%3Dlightbox%26settings%3DeyJpZCI6NDcxNSwidXJsIjoiaHR0cDpcL1wvd3AxMzQ1NzA2My5zZXJ2ZXItaGUuZGVcL3N1YlwvZXJpY2gtdW5kLWRpbmFcL3dwLWNvbnRlbnRcL3VwbG9hZHNcLzIwMjRcLzEwXC8xOTEwXzA0XzEwX0VyaWNoX0FyYmVpdHNidWNoMi53ZWJwIiwic2xpZGVzaG93IjoiMTEyMGM3ZCJ9\">\n\t\t\t\t\t<div class=\"e-gallery-image elementor-gallery-item__image\" data-thumbnail=\"http:\/\/wp13457063.server-he.de\/sub\/erich-und-dina\/wp-content\/uploads\/2024\/10\/1910_04_10_Erich_Arbeitsbuch2-300x233.webp\" data-width=\"300\" data-height=\"233\" aria-label=\"\" role=\"img\" ><\/div>\n\t\t\t\t\t\t\t\t\t\t\t<div class=\"elementor-gallery-item__overlay\"><\/div>\n\t\t\t\t\t\t\t\t\t\t\t\t\t\t\t<div class=\"elementor-gallery-item__content\">\n\t\t\t\t\t\t\t\t\t\t\t\t\t\t<div class=\"elementor-gallery-item__title\">\n\t\t\t\t\t\t\t\t\t\t\t\t\t\t\t\t\t\tErichs Arbeitsbuch \t\t\t\t\t\t\t\t<\/div>\n\t\t\t\t\t\t\t\t\t\t\t\t<\/div>\n\t\t\t\t\t\t\t\t\t<\/a>\n\t\t\t\t\t\t\t<a class=\"e-gallery-item elementor-gallery-item elementor-animated-content\" href=\"http:\/\/wp13457063.server-he.de\/sub\/erich-und-dina\/wp-content\/uploads\/2024\/10\/1910_04_10_Erich_Arbeitsbuch3.webp\" data-elementor-open-lightbox=\"yes\" data-elementor-lightbox-slideshow=\"1120c7d\" data-elementor-lightbox-title=\"1910_04_10_Erich_Arbeitsbuch3\" data-e-action-hash=\"#elementor-action%3Aaction%3Dlightbox%26settings%3DeyJpZCI6NDcxNiwidXJsIjoiaHR0cDpcL1wvd3AxMzQ1NzA2My5zZXJ2ZXItaGUuZGVcL3N1YlwvZXJpY2gtdW5kLWRpbmFcL3dwLWNvbnRlbnRcL3VwbG9hZHNcLzIwMjRcLzEwXC8xOTEwXzA0XzEwX0VyaWNoX0FyYmVpdHNidWNoMy53ZWJwIiwic2xpZGVzaG93IjoiMTEyMGM3ZCJ9\">\n\t\t\t\t\t<div class=\"e-gallery-image elementor-gallery-item__image\" data-thumbnail=\"http:\/\/wp13457063.server-he.de\/sub\/erich-und-dina\/wp-content\/uploads\/2024\/10\/1910_04_10_Erich_Arbeitsbuch3-300x237.webp\" data-width=\"300\" data-height=\"237\" aria-label=\"\" role=\"img\" ><\/div>\n\t\t\t\t\t\t\t\t\t\t\t<div class=\"elementor-gallery-item__overlay\"><\/div>\n\t\t\t\t\t\t\t\t\t\t\t\t\t\t\t<div class=\"elementor-gallery-item__content\">\n\t\t\t\t\t\t\t\t\t\t\t\t\t\t<div class=\"elementor-gallery-item__title\">\n\t\t\t\t\t\t\t\t\t\t\t\t\t\t\t\t\t\tEintragungen\t\t\t\t\t\t\t\t<\/div>\n\t\t\t\t\t\t\t\t\t\t\t\t<\/div>\n\t\t\t\t\t\t\t\t\t<\/a>\n\t\t\t\t\t\t\t<a class=\"e-gallery-item elementor-gallery-item elementor-animated-content\" href=\"http:\/\/wp13457063.server-he.de\/sub\/erich-und-dina\/wp-content\/uploads\/2024\/10\/1913_09_15_Heinze_Abschlussbeurteilung.webp\" data-elementor-open-lightbox=\"yes\" data-elementor-lightbox-slideshow=\"1120c7d\" data-elementor-lightbox-title=\"1913_09_15_Heinze_Abschlussbeurteilung\" data-e-action-hash=\"#elementor-action%3Aaction%3Dlightbox%26settings%3DeyJpZCI6NDcxOCwidXJsIjoiaHR0cDpcL1wvd3AxMzQ1NzA2My5zZXJ2ZXItaGUuZGVcL3N1YlwvZXJpY2gtdW5kLWRpbmFcL3dwLWNvbnRlbnRcL3VwbG9hZHNcLzIwMjRcLzEwXC8xOTEzXzA5XzE1X0hlaW56ZV9BYnNjaGx1c3NiZXVydGVpbHVuZy53ZWJwIiwic2xpZGVzaG93IjoiMTEyMGM3ZCJ9\">\n\t\t\t\t\t<div class=\"e-gallery-image elementor-gallery-item__image\" data-thumbnail=\"http:\/\/wp13457063.server-he.de\/sub\/erich-und-dina\/wp-content\/uploads\/2024\/10\/1913_09_15_Heinze_Abschlussbeurteilung-231x300.webp\" data-width=\"231\" data-height=\"300\" aria-label=\"\" role=\"img\" ><\/div>\n\t\t\t\t\t\t\t\t\t\t\t<div class=\"elementor-gallery-item__overlay\"><\/div>\n\t\t\t\t\t\t\t\t\t\t\t\t\t\t\t<div class=\"elementor-gallery-item__content\">\n\t\t\t\t\t\t\t\t\t\t\t\t\t\t<div class=\"elementor-gallery-item__title\">\n\t\t\t\t\t\t\t\t\t\t\t\t\t\t\t\t\t\tAbschlussbeurteilung Fa. Heinze vom Sept. 1913\t\t\t\t\t\t\t\t<\/div>\n\t\t\t\t\t\t\t\t\t\t\t\t<\/div>\n\t\t\t\t\t\t\t\t\t<\/a>\n\t\t\t\t\t<\/div>\n\t\t\t\t\t<\/div>\n\t\t\t\t<\/div>\n\t\t\t\t<\/div>\n\t\t\t\t<\/div>\n\t\t\t\t\t<\/div>\n\t\t\t\t<\/div>\n\t\t\t\t<\/div>\n\t\t","protected":false},"excerpt":{"rendered":"<p>Kinderjahre Die Kinderjahre und seine Schulzeit erstrecken sich vom Geburtsjahr 1895 bis zum Fr\u00fchjahr 1910.\u00a0 Er besuchte die &#8222;Einfache deutsch-wendische Volksschule zu Kotitz&#8220;, die eine Wegstunde von S\u00e4rka entfernt lag, seit 1902. Zu Ostern 1910 gibts das Abschlusszeugnis. Fotos und Dokumente: Kinderjahre Geburtsurkunde vom 27.11.1895, man beachte &#8222;Friedrich Ehrig&#8220; Geburtsurkunde &#8222;\u00dcbersetzung&#8220; Erich 1 Jahr alt&#8230;<\/p>\n","protected":false},"author":1,"featured_media":0,"parent":30,"menu_order":1,"comment_status":"closed","ping_status":"closed","template":"","meta":{"footnotes":""},"class_list":["post-95","page","type-page","status-publish","hentry"],"_links":{"self":[{"href":"http:\/\/wp13457063.server-he.de\/sub\/erich-und-dina\/wp-json\/wp\/v2\/pages\/95","targetHints":{"allow":["GET"]}}],"collection":[{"href":"http:\/\/wp13457063.server-he.de\/sub\/erich-und-dina\/wp-json\/wp\/v2\/pages"}],"about":[{"href":"http:\/\/wp13457063.server-he.de\/sub\/erich-und-dina\/wp-json\/wp\/v2\/types\/page"}],"author":[{"embeddable":true,"href":"http:\/\/wp13457063.server-he.de\/sub\/erich-und-dina\/wp-json\/wp\/v2\/users\/1"}],"replies":[{"embeddable":true,"href":"http:\/\/wp13457063.server-he.de\/sub\/erich-und-dina\/wp-json\/wp\/v2\/comments?post=95"}],"version-history":[{"count":250,"href":"http:\/\/wp13457063.server-he.de\/sub\/erich-und-dina\/wp-json\/wp\/v2\/pages\/95\/revisions"}],"predecessor-version":[{"id":6741,"href":"http:\/\/wp13457063.server-he.de\/sub\/erich-und-dina\/wp-json\/wp\/v2\/pages\/95\/revisions\/6741"}],"up":[{"embeddable":true,"href":"http:\/\/wp13457063.server-he.de\/sub\/erich-und-dina\/wp-json\/wp\/v2\/pages\/30"}],"wp:attachment":[{"href":"http:\/\/wp13457063.server-he.de\/sub\/erich-und-dina\/wp-json\/wp\/v2\/media?parent=95"}],"curies":[{"name":"wp","href":"https:\/\/api.w.org\/{rel}","templated":true}]}}