{"id":965,"date":"2021-03-17T14:45:05","date_gmt":"2021-03-17T13:45:05","guid":{"rendered":"http:\/\/wp13457063.server-he.de\/sub\/erich-und-dina\/?page_id=965"},"modified":"2024-10-23T12:14:13","modified_gmt":"2024-10-23T10:14:13","slug":"ernst-clara-diessner","status":"publish","type":"page","link":"http:\/\/wp13457063.server-he.de\/sub\/erich-und-dina\/ernst-clara-diessner\/","title":{"rendered":"Ernst &#038; Clara Die\u00dfner"},"content":{"rendered":"\n<div class=\"wp-block-columns is-layout-flex wp-container-core-columns-is-layout-9d6595d7 wp-block-columns-is-layout-flex\">\n<div class=\"wp-block-column is-layout-flow wp-block-column-is-layout-flow\" style=\"flex-basis:66.66%\">\n<p>Meine Eltern heirateten am 18. Oktober 1881, dem 19. Geburtstag meiner Mutter Clara, in Diehsa in Sachsen, dem Geburtsort meiner Mutter. Kennengelernt hatten sie sich in Collm auf dem Rittergut.<br>Mein Vater Ernst, der am 11. November 1851 in Plie\u00dfkowitz geboren wurde, hatte die dort ans\u00e4ssige Molkerei gepachtet. Clara arbeitete als K\u00f6chin auf dem Collmer Gut und stammte aus Diehsa.<br>In Collm wurden auch meine beiden Br\u00fcder Alfred (1882) und Richard (1884) geboren.<br>Da mein Vater an Rheumatismus erkrankte, musste er seinen Beruf aufgeben, das inzwischen erworbene Milchgesch\u00e4ft in Breslau verkaufen und sich nach einem neuen Lebensunterhalt umsehen.<br>Er fand in S\u00e4rka bei Wei\u00dfenberg, Kreis L\u00f6bau eine Gastwirtschaft mit Kolonialwarenladen. Am 11. Februar 1895 erwarb er das Anwesen f\u00fcr 7.500,- RM (Jahreseinkommen eines Klempners bspw. 1.100,- RM). Neun Monate sp\u00e4ter am 25.11.1895 wurde ich als Nachz\u00fcgler in S\u00e4rka geboren. Meine beiden Br\u00fcder Alfred und Richard waren da schon 13 bzw. 11 Jahre alt.<br>S\u00e4rka lebte vom Rittergut. Im Ort wohnten noch f\u00fcnf selbst\u00e4ndige Bauern und einige Handwerker. Alles andere war Eigentum des Rittergutes.<br>Als Vater sp\u00e4ter zum B\u00fcrgermeister der Gemeinde gew\u00e4hlt wurde, war er nach dem Rittergutsbesitzer der Rangh\u00f6chste im Dorf. Bei gesellschaftlichen Veranstaltungen musste Vater mit dem Pastor und dem Schulleiter die d\u00f6rfliche Verbundenheit bekunden. So kam es, dass ich nat\u00fcrlich bei meinen Spielkameraden auch einen gewissen Rang, so zusagen von Geburt an, inne hatte.<br>Mein Vater, der ein ruhiger, sich selbst nie in den Vordergrund bringender Mensch war, k\u00fcmmerte sich im Sommer ab 4.00, im Winter ab 06.00 Uhr um den Laden. Da kamen die Arbeiter vom Gut und holten ihren Trinkbranntwein f\u00fcr den Tag. Manchmal zus\u00e4tzlich noch in der Mittagspause und nat\u00fcrlich zum Feierabend. Der wurde dann aus Viertel-Liter-Flaschen getrunken. Bier wurde kaum konsumiert.<br>22-prozentiger Trinkbranntwein der Fa. H\u00fchnlich aus Wilthen. Monatlich wurde dieser in 500-l-F\u00e4ssern mit dem LKW angeliefert. Jeden Monat ein LKW.<br>Im Laden war es \u00fcblich, dass die Woche \u00fcber auf Pump eingekauft wurde. Am Samstag wurde abgerechnet und bezahlt, der Abendschoppen ging dann schon auf die neue Woche.<br>Auch die Schloss- und Werksk\u00fcche bezogen ihren Bedarf bei uns. Zur Erntezeit gab es Branntwein f\u00fcr die Arbeiter \u2013 eine Milchkanne ohne und eine mit Lik\u00f6r gemischt. Am Monatsende ging Mutter aufs Gut zur Verwaltung, um abzurechnen.<br>In meinem letzten Schuljahr 1909 haben Vater und ich einige Radtouren unternommen, so zum Bautzener Wochenmarkt. Auf der R\u00fcckfahrt kehrten wir ein, mein erster Alkohol: eine Flasche Selters und ein Glas Weinbrand.<br>Meine Mutter traf in allen Familienangelegenheiten die Entscheidungen und trug somit auch die alleinige Verantwortung.<br>Mutter besorgte fr\u00fch den Stall mit unserer Angestellten, die immer aus ihrer Heimat Diehsa kam und bei ihr u. a. das Kochen lernte. Dann wurde gefr\u00fchst\u00fcckt. Anschlie\u00dfend wurde meine Kleidung \u00fcberpr\u00fcft, der Ranzen auf Vollst\u00e4ndigkeit gesichtet und mein Fr\u00fchst\u00fccksbrot verstaut.<br>Dann so gegen 9.00 Uhr kamen die ersten Kunden in den Laden. Am sp\u00e4ten Vormittag wurde das Mittagessen gekocht.<br>Nach dem Mittagessen ging sie ins Dorf, um Kranke und W\u00f6chnerinnen mit warmen Essen zu versorgen. War das erledigt ging\u2018s an meine Schulaufgaben, doch dar\u00fcber an andere Stelle mehr.<br>Nun konnte sie ihrem Hobby fr\u00f6nen, dem Gem\u00fcsegarten. Sie hatte als eine der ersten im Dorf einen Tomatenstrauch gepflanzt. Lediglich zur Zierde, man a\u00df die Tomaten noch nicht.<br>Die notwendigen Schreibarbeiten des B\u00fcrgermeisters erledigte meine Mutter. Deshalb fuhren zur w\u00f6chentlichen Dienstbesprechung zur Amtshauptmannschaft L\u00f6bau Vater und Mutter immer im Wechsel. So kam Mutter jede zweite Woche nach L\u00f6bau, besuchte im Anschluss an die Beh\u00f6rdent\u00e4tigkeit die Lieferanten. Das wichtigste aber war zum Schluss der Besuch des Caf\u00e9s \u201eHonigbrunnen\u201c. Das war ihre gro\u00dfe Leidenschaft: Kaffee und Torte.<br>Die sch\u00f6nsten Erinnerungen an meine Eltern habe ich an die herbstlichen Sonnabende 1913 bis zu meiner Milit\u00e4rzeit im Oktober. Ich war seit dem Fr\u00fchjahr als B\u00fcchsenmachergeselle bei meinem Lehrmeister Heinze in L\u00f6bau angestellt und kam erst mit dem letzten Zug am Samstag nach Hause. Nach dem Essen tranken mein Vater und ich ein Glas Grog aus Wilthener Weinbrandauslese und meine Mutter knabberte ihre Tafel Schokolade. Sie trank keinen Alkohol.<br>Die Atmosph\u00e4re in unserem St\u00fcbchen in S\u00e4rka und an den Duft des Grogs habe ich mich mein Leben lang erinnert und war f\u00fcr mich immer gleichbedeutend mit H E I M A T und G E B O R G E N H E I T.<\/p>\n<\/div>\n\n\n\n<div class=\"wp-block-column is-layout-flow wp-block-column-is-layout-flow\" style=\"flex-basis:33.33%\">\n<figure class=\"wp-block-image size-large is-style-default\"><a href=\"http:\/\/wp13457063.server-he.de\/sub\/erich-und-dina\/wp-content\/uploads\/2021\/03\/1881__Clara_Alfred.jpg\" target=\"_blank\" rel=\"noopener\"><img fetchpriority=\"high\" decoding=\"async\" width=\"425\" height=\"350\" src=\"http:\/\/wp13457063.server-he.de\/sub\/erich-und-dina\/wp-content\/uploads\/2021\/03\/1881__Clara_Alfred.jpg\" alt=\"\" class=\"wp-image-1109\" srcset=\"http:\/\/wp13457063.server-he.de\/sub\/erich-und-dina\/wp-content\/uploads\/2021\/03\/1881__Clara_Alfred.jpg 425w, http:\/\/wp13457063.server-he.de\/sub\/erich-und-dina\/wp-content\/uploads\/2021\/03\/1881__Clara_Alfred-300x247.jpg 300w\" sizes=\"(max-width: 425px) 100vw, 425px\" \/><\/a><figcaption class=\"wp-element-caption\">1881<\/figcaption><\/figure>\n\n\n\n<figure class=\"wp-block-image size-large is-style-default\"><a href=\"http:\/\/wp13457063.server-he.de\/sub\/erich-und-dina\/wp-content\/uploads\/2021\/03\/1901__Clara_Alfred.jpg\" target=\"_blank\" rel=\"noopener\"><img decoding=\"async\" width=\"425\" height=\"350\" src=\"http:\/\/wp13457063.server-he.de\/sub\/erich-und-dina\/wp-content\/uploads\/2021\/03\/1901__Clara_Alfred.jpg\" alt=\"\" class=\"wp-image-1110\" srcset=\"http:\/\/wp13457063.server-he.de\/sub\/erich-und-dina\/wp-content\/uploads\/2021\/03\/1901__Clara_Alfred.jpg 425w, http:\/\/wp13457063.server-he.de\/sub\/erich-und-dina\/wp-content\/uploads\/2021\/03\/1901__Clara_Alfred-300x247.jpg 300w\" sizes=\"(max-width: 425px) 100vw, 425px\" \/><\/a><figcaption class=\"wp-element-caption\">1901<\/figcaption><\/figure>\n\n\n<div class=\"wp-block-image is-style-default\">\n<figure class=\"aligncenter size-medium\"><img decoding=\"async\" width=\"218\" height=\"300\" src=\"http:\/\/wp13457063.server-he.de\/sub\/erich-und-dina\/wp-content\/uploads\/2021\/03\/19xx_xx__xx_Saerka_Goldene_Hochzeit______-218x300.jpg\" alt=\"\" class=\"wp-image-1285\" srcset=\"http:\/\/wp13457063.server-he.de\/sub\/erich-und-dina\/wp-content\/uploads\/2021\/03\/19xx_xx__xx_Saerka_Goldene_Hochzeit______-218x300.jpg 218w, http:\/\/wp13457063.server-he.de\/sub\/erich-und-dina\/wp-content\/uploads\/2021\/03\/19xx_xx__xx_Saerka_Goldene_Hochzeit______-745x1024.jpg 745w, http:\/\/wp13457063.server-he.de\/sub\/erich-und-dina\/wp-content\/uploads\/2021\/03\/19xx_xx__xx_Saerka_Goldene_Hochzeit______-768x1056.jpg 768w, http:\/\/wp13457063.server-he.de\/sub\/erich-und-dina\/wp-content\/uploads\/2021\/03\/19xx_xx__xx_Saerka_Goldene_Hochzeit______-1117x1536.jpg 1117w, http:\/\/wp13457063.server-he.de\/sub\/erich-und-dina\/wp-content\/uploads\/2021\/03\/19xx_xx__xx_Saerka_Goldene_Hochzeit______-580x798.jpg 580w, http:\/\/wp13457063.server-he.de\/sub\/erich-und-dina\/wp-content\/uploads\/2021\/03\/19xx_xx__xx_Saerka_Goldene_Hochzeit______-860x1183.jpg 860w, http:\/\/wp13457063.server-he.de\/sub\/erich-und-dina\/wp-content\/uploads\/2021\/03\/19xx_xx__xx_Saerka_Goldene_Hochzeit______-1160x1595.jpg 1160w, http:\/\/wp13457063.server-he.de\/sub\/erich-und-dina\/wp-content\/uploads\/2021\/03\/19xx_xx__xx_Saerka_Goldene_Hochzeit______.jpg 1276w\" sizes=\"(max-width: 218px) 100vw, 218px\" \/><figcaption class=\"wp-element-caption\">hintere Reihe von links: Erich, Dina, Clara (Richards erste Frau) und Richard; sitzend: Anneliese, Clara, Ernst und Erika,<br>das Foto m\u00fcsste im Fr\u00fchjahr 1927 entstanden sein<\/figcaption><\/figure>\n<\/div>\n\n\n<figure class=\"wp-block-image size-medium is-style-default\"><a href=\"http:\/\/wp13457063.server-he.de\/sub\/erich-und-dina\/wp-content\/uploads\/2021\/03\/1931_10_18_Goldene_Hochzeit_Ernst_Clara-1.png\" target=\"_blank\" rel=\"noopener\"><img loading=\"lazy\" decoding=\"async\" width=\"191\" height=\"300\" src=\"http:\/\/wp13457063.server-he.de\/sub\/erich-und-dina\/wp-content\/uploads\/2021\/03\/1931_10_18_Goldene_Hochzeit_Ernst_Clara-1-191x300.png\" alt=\"\" class=\"wp-image-1112\" srcset=\"http:\/\/wp13457063.server-he.de\/sub\/erich-und-dina\/wp-content\/uploads\/2021\/03\/1931_10_18_Goldene_Hochzeit_Ernst_Clara-1-191x300.png 191w, http:\/\/wp13457063.server-he.de\/sub\/erich-und-dina\/wp-content\/uploads\/2021\/03\/1931_10_18_Goldene_Hochzeit_Ernst_Clara-1-653x1024.png 653w, http:\/\/wp13457063.server-he.de\/sub\/erich-und-dina\/wp-content\/uploads\/2021\/03\/1931_10_18_Goldene_Hochzeit_Ernst_Clara-1-768x1205.png 768w, http:\/\/wp13457063.server-he.de\/sub\/erich-und-dina\/wp-content\/uploads\/2021\/03\/1931_10_18_Goldene_Hochzeit_Ernst_Clara-1-979x1536.png 979w, http:\/\/wp13457063.server-he.de\/sub\/erich-und-dina\/wp-content\/uploads\/2021\/03\/1931_10_18_Goldene_Hochzeit_Ernst_Clara-1-1305x2048.png 1305w, http:\/\/wp13457063.server-he.de\/sub\/erich-und-dina\/wp-content\/uploads\/2021\/03\/1931_10_18_Goldene_Hochzeit_Ernst_Clara-1-580x910.png 580w, http:\/\/wp13457063.server-he.de\/sub\/erich-und-dina\/wp-content\/uploads\/2021\/03\/1931_10_18_Goldene_Hochzeit_Ernst_Clara-1-860x1349.png 860w, http:\/\/wp13457063.server-he.de\/sub\/erich-und-dina\/wp-content\/uploads\/2021\/03\/1931_10_18_Goldene_Hochzeit_Ernst_Clara-1-1160x1820.png 1160w, http:\/\/wp13457063.server-he.de\/sub\/erich-und-dina\/wp-content\/uploads\/2021\/03\/1931_10_18_Goldene_Hochzeit_Ernst_Clara-1.png 1996w\" sizes=\"(max-width: 191px) 100vw, 191px\" \/><\/a><figcaption class=\"wp-element-caption\">1931 Goldene Hochzeit<\/figcaption><\/figure>\n\n\n<div class=\"wp-block-image is-style-default\">\n<figure class=\"aligncenter size-medium is-resized\"><a href=\"http:\/\/wp13457063.server-he.de\/sub\/erich-und-dina\/wp-content\/uploads\/2021\/03\/1937_xx_xx_Saerka-im-Garten_Pfingsten.jpeg\" target=\"_blank\" rel=\"noopener\"><img loading=\"lazy\" decoding=\"async\" width=\"208\" height=\"300\" src=\"http:\/\/wp13457063.server-he.de\/sub\/erich-und-dina\/wp-content\/uploads\/2021\/03\/1937_xx_xx_Saerka-im-Garten_Pfingsten-208x300.jpeg\" alt=\"\" class=\"wp-image-1297\" style=\"width:196px;height:auto\" srcset=\"http:\/\/wp13457063.server-he.de\/sub\/erich-und-dina\/wp-content\/uploads\/2021\/03\/1937_xx_xx_Saerka-im-Garten_Pfingsten-208x300.jpeg 208w, http:\/\/wp13457063.server-he.de\/sub\/erich-und-dina\/wp-content\/uploads\/2021\/03\/1937_xx_xx_Saerka-im-Garten_Pfingsten.jpeg 436w\" sizes=\"(max-width: 208px) 100vw, 208px\" \/><\/a><figcaption class=\"wp-element-caption\">von links: Anneliese, Dina, Ernst und Erika, Clara macht wohl das Foto (um 1936)<\/figcaption><\/figure>\n<\/div><\/div>\n<\/div>\n\n\n\n<p>Vom 27. bis 31. Juli 1938 fand in Breslau das Deutsche Turn- und Sportfest statt. Wir waren mit einer starken Delegation bei den Schie\u00dfwettbewerben vertreten.<br>Auf der Heimfahrt fuhren wir \u00fcber S\u00e4rka. In Gera kam schon vor der Fahrt nach Breslau die Nachricht an, dass Ernst keinen Lebensmut mehr h\u00e4tte.<br>Bei unserem Besuch best\u00e4tigte sich diese Nachricht. Wir wollten ihn animieren, ein St\u00fcck bei diesem herrlichen Sommertag durchs Dorf zu gehen, aber Ernst war zu nichts zu bewegen. <br>Fast teilnahmslos sa\u00df er in seinem Sessel. Der Abschied fiel uns schwer, ahnungsvoll fuhren wir in unseren Gedanken versunken die weite Streck schweigend heim.<br>Ende September dann der Anruf aus S\u00e4rka, dass Ernst gestorben sei.<br>Weihnachten dann, nachdem Ernst begraben und die Formalit\u00e4ten alle erledigt waren, haben wir Meine Mutter mit nach Gera genommen. Wir waren der Meinung, dass w\u00e4re f\u00fcr sie das Beste.<br>Dort starb sie im Mai 1948. Beigesetzt haben wir sie in Kotitz neben ihrem Ernst.<\/p>\n\n\n\n<p><\/p>\n\n\n<div class=\"wp-block-image\">\n<figure class=\"alignleft size-large is-resized\"><a href=\"http:\/\/wp13457063.server-he.de\/sub\/erich-und-dina\/wp-content\/uploads\/2024\/10\/1881_10_18_Ernst_Clara_Heiratsurkunde1_Abschrift-1.png\" target=\"_blank\" rel=\"noreferrer noopener\"><img loading=\"lazy\" decoding=\"async\" width=\"732\" height=\"1024\" src=\"http:\/\/wp13457063.server-he.de\/sub\/erich-und-dina\/wp-content\/uploads\/2024\/10\/1881_10_18_Ernst_Clara_Heiratsurkunde1_Abschrift-1-732x1024.png\" alt=\"\" class=\"wp-image-5928\" style=\"width:169px;height:auto\" srcset=\"http:\/\/wp13457063.server-he.de\/sub\/erich-und-dina\/wp-content\/uploads\/2024\/10\/1881_10_18_Ernst_Clara_Heiratsurkunde1_Abschrift-1-732x1024.png 732w, http:\/\/wp13457063.server-he.de\/sub\/erich-und-dina\/wp-content\/uploads\/2024\/10\/1881_10_18_Ernst_Clara_Heiratsurkunde1_Abschrift-1-214x300.png 214w, http:\/\/wp13457063.server-he.de\/sub\/erich-und-dina\/wp-content\/uploads\/2024\/10\/1881_10_18_Ernst_Clara_Heiratsurkunde1_Abschrift-1-768x1074.png 768w, http:\/\/wp13457063.server-he.de\/sub\/erich-und-dina\/wp-content\/uploads\/2024\/10\/1881_10_18_Ernst_Clara_Heiratsurkunde1_Abschrift-1-1098x1536.png 1098w, http:\/\/wp13457063.server-he.de\/sub\/erich-und-dina\/wp-content\/uploads\/2024\/10\/1881_10_18_Ernst_Clara_Heiratsurkunde1_Abschrift-1-1464x2048.png 1464w, http:\/\/wp13457063.server-he.de\/sub\/erich-und-dina\/wp-content\/uploads\/2024\/10\/1881_10_18_Ernst_Clara_Heiratsurkunde1_Abschrift-1-580x811.png 580w, http:\/\/wp13457063.server-he.de\/sub\/erich-und-dina\/wp-content\/uploads\/2024\/10\/1881_10_18_Ernst_Clara_Heiratsurkunde1_Abschrift-1-860x1203.png 860w, http:\/\/wp13457063.server-he.de\/sub\/erich-und-dina\/wp-content\/uploads\/2024\/10\/1881_10_18_Ernst_Clara_Heiratsurkunde1_Abschrift-1-1160x1622.png 1160w\" sizes=\"(max-width: 732px) 100vw, 732px\" \/><\/a><figcaption class=\"wp-element-caption\">Abschrift der Heiratsurkunde<\/figcaption><\/figure>\n<\/div>\n\n<div class=\"wp-block-image\">\n<figure class=\"alignleft size-large is-resized\"><a href=\"http:\/\/wp13457063.server-he.de\/sub\/erich-und-dina\/wp-content\/uploads\/2024\/10\/1881_10_18_Ernst_Clara_Heiratsurkunde2_Abschrift.png\" target=\"_blank\" rel=\"noreferrer noopener\"><img loading=\"lazy\" decoding=\"async\" width=\"731\" height=\"1024\" src=\"http:\/\/wp13457063.server-he.de\/sub\/erich-und-dina\/wp-content\/uploads\/2024\/10\/1881_10_18_Ernst_Clara_Heiratsurkunde2_Abschrift-731x1024.png\" alt=\"\" class=\"wp-image-5930\" style=\"width:168px;height:auto\" srcset=\"http:\/\/wp13457063.server-he.de\/sub\/erich-und-dina\/wp-content\/uploads\/2024\/10\/1881_10_18_Ernst_Clara_Heiratsurkunde2_Abschrift-731x1024.png 731w, http:\/\/wp13457063.server-he.de\/sub\/erich-und-dina\/wp-content\/uploads\/2024\/10\/1881_10_18_Ernst_Clara_Heiratsurkunde2_Abschrift-214x300.png 214w, http:\/\/wp13457063.server-he.de\/sub\/erich-und-dina\/wp-content\/uploads\/2024\/10\/1881_10_18_Ernst_Clara_Heiratsurkunde2_Abschrift-768x1075.png 768w, http:\/\/wp13457063.server-he.de\/sub\/erich-und-dina\/wp-content\/uploads\/2024\/10\/1881_10_18_Ernst_Clara_Heiratsurkunde2_Abschrift-1097x1536.png 1097w, http:\/\/wp13457063.server-he.de\/sub\/erich-und-dina\/wp-content\/uploads\/2024\/10\/1881_10_18_Ernst_Clara_Heiratsurkunde2_Abschrift-1463x2048.png 1463w, http:\/\/wp13457063.server-he.de\/sub\/erich-und-dina\/wp-content\/uploads\/2024\/10\/1881_10_18_Ernst_Clara_Heiratsurkunde2_Abschrift-580x812.png 580w, http:\/\/wp13457063.server-he.de\/sub\/erich-und-dina\/wp-content\/uploads\/2024\/10\/1881_10_18_Ernst_Clara_Heiratsurkunde2_Abschrift-860x1204.png 860w, http:\/\/wp13457063.server-he.de\/sub\/erich-und-dina\/wp-content\/uploads\/2024\/10\/1881_10_18_Ernst_Clara_Heiratsurkunde2_Abschrift-1160x1624.png 1160w\" sizes=\"(max-width: 731px) 100vw, 731px\" \/><\/a><\/figure>\n<\/div>\n\n<div class=\"wp-block-image\">\n<figure class=\"alignright size-full is-resized\"><a href=\"http:\/\/wp13457063.server-he.de\/sub\/erich-und-dina\/wp-content\/uploads\/2024\/10\/1931_10_18_Goldene_Hochzeit_Innen_Blitzlichtaufnahme_2.png\" target=\"_blank\" rel=\"noreferrer noopener\"><img loading=\"lazy\" decoding=\"async\" width=\"848\" height=\"646\" src=\"http:\/\/wp13457063.server-he.de\/sub\/erich-und-dina\/wp-content\/uploads\/2024\/10\/1931_10_18_Goldene_Hochzeit_Innen_Blitzlichtaufnahme_2.png\" alt=\"\" class=\"wp-image-5521\" style=\"width:268px;height:auto\" srcset=\"http:\/\/wp13457063.server-he.de\/sub\/erich-und-dina\/wp-content\/uploads\/2024\/10\/1931_10_18_Goldene_Hochzeit_Innen_Blitzlichtaufnahme_2.png 848w, http:\/\/wp13457063.server-he.de\/sub\/erich-und-dina\/wp-content\/uploads\/2024\/10\/1931_10_18_Goldene_Hochzeit_Innen_Blitzlichtaufnahme_2-300x229.png 300w, http:\/\/wp13457063.server-he.de\/sub\/erich-und-dina\/wp-content\/uploads\/2024\/10\/1931_10_18_Goldene_Hochzeit_Innen_Blitzlichtaufnahme_2-768x585.png 768w, http:\/\/wp13457063.server-he.de\/sub\/erich-und-dina\/wp-content\/uploads\/2024\/10\/1931_10_18_Goldene_Hochzeit_Innen_Blitzlichtaufnahme_2-580x442.png 580w\" sizes=\"(max-width: 848px) 100vw, 848px\" \/><\/a><figcaption class=\"wp-element-caption\">1931, am 18.10 Goldene Hochzeit <br>(Kinder sind Erika und Anneliese)<\/figcaption><\/figure>\n<\/div>\n\n\n<div style=\"height:23px\" aria-hidden=\"true\" class=\"wp-block-spacer\"><\/div>\n\n\n<div class=\"wp-block-image\">\n<figure class=\"alignright size-large is-resized\"><a href=\"http:\/\/wp13457063.server-he.de\/sub\/erich-und-dina\/wp-content\/uploads\/2024\/10\/Witwenpension.png\" target=\"_blank\" rel=\"noreferrer noopener\"><img loading=\"lazy\" decoding=\"async\" width=\"1024\" height=\"699\" src=\"http:\/\/wp13457063.server-he.de\/sub\/erich-und-dina\/wp-content\/uploads\/2024\/10\/Witwenpension-1024x699.png\" alt=\"\" class=\"wp-image-6055\" style=\"width:250px;height:auto\" srcset=\"http:\/\/wp13457063.server-he.de\/sub\/erich-und-dina\/wp-content\/uploads\/2024\/10\/Witwenpension-1024x699.png 1024w, http:\/\/wp13457063.server-he.de\/sub\/erich-und-dina\/wp-content\/uploads\/2024\/10\/Witwenpension-300x205.png 300w, http:\/\/wp13457063.server-he.de\/sub\/erich-und-dina\/wp-content\/uploads\/2024\/10\/Witwenpension-768x524.png 768w, http:\/\/wp13457063.server-he.de\/sub\/erich-und-dina\/wp-content\/uploads\/2024\/10\/Witwenpension-1536x1048.png 1536w, http:\/\/wp13457063.server-he.de\/sub\/erich-und-dina\/wp-content\/uploads\/2024\/10\/Witwenpension-580x396.png 580w, http:\/\/wp13457063.server-he.de\/sub\/erich-und-dina\/wp-content\/uploads\/2024\/10\/Witwenpension-860x587.png 860w, http:\/\/wp13457063.server-he.de\/sub\/erich-und-dina\/wp-content\/uploads\/2024\/10\/Witwenpension-1160x791.png 1160w, http:\/\/wp13457063.server-he.de\/sub\/erich-und-dina\/wp-content\/uploads\/2024\/10\/Witwenpension.png 1677w\" sizes=\"(max-width: 1024px) 100vw, 1024px\" \/><\/a><figcaption class=\"wp-element-caption\">die Auszahlungskarte <br>von Claras Witwenrente<\/figcaption><\/figure>\n<\/div>\n\n<div class=\"wp-block-image is-style-default\">\n<figure class=\"alignleft size-medium is-resized\"><a href=\"http:\/\/wp13457063.server-he.de\/sub\/erich-und-dina\/wp-content\/uploads\/2021\/03\/1936__Ernst_Clara_im_Hof-1.png\" target=\"_blank\" rel=\"noreferrer noopener\"><img loading=\"lazy\" decoding=\"async\" width=\"300\" height=\"227\" src=\"http:\/\/wp13457063.server-he.de\/sub\/erich-und-dina\/wp-content\/uploads\/2021\/03\/1936__Ernst_Clara_im_Hof-1-300x227.png\" alt=\"\" class=\"wp-image-1293\" style=\"width:263px;height:auto\" srcset=\"http:\/\/wp13457063.server-he.de\/sub\/erich-und-dina\/wp-content\/uploads\/2021\/03\/1936__Ernst_Clara_im_Hof-1-300x227.png 300w, http:\/\/wp13457063.server-he.de\/sub\/erich-und-dina\/wp-content\/uploads\/2021\/03\/1936__Ernst_Clara_im_Hof-1-580x439.png 580w, http:\/\/wp13457063.server-he.de\/sub\/erich-und-dina\/wp-content\/uploads\/2021\/03\/1936__Ernst_Clara_im_Hof-1.png 768w\" sizes=\"(max-width: 300px) 100vw, 300px\" \/><\/a><figcaption class=\"wp-element-caption\">wohl das letzte Foto von Clara <br>und Ernst 1936 im Hof<\/figcaption><\/figure>\n<\/div>\n\n<div class=\"wp-block-image is-style-default\">\n<figure class=\"alignleft size-medium is-resized\"><a href=\"http:\/\/wp13457063.server-he.de\/sub\/erich-und-dina\/wp-content\/uploads\/2021\/03\/1928__mein_Vater_als_Buegermeister.png\" target=\"_blank\" rel=\"noreferrer noopener\"><img loading=\"lazy\" decoding=\"async\" width=\"300\" height=\"218\" src=\"http:\/\/wp13457063.server-he.de\/sub\/erich-und-dina\/wp-content\/uploads\/2021\/03\/1928__mein_Vater_als_Buegermeister-300x218.png\" alt=\"\" class=\"wp-image-1292\" style=\"width:233px;height:auto\" srcset=\"http:\/\/wp13457063.server-he.de\/sub\/erich-und-dina\/wp-content\/uploads\/2021\/03\/1928__mein_Vater_als_Buegermeister-300x218.png 300w, http:\/\/wp13457063.server-he.de\/sub\/erich-und-dina\/wp-content\/uploads\/2021\/03\/1928__mein_Vater_als_Buegermeister-580x422.png 580w, http:\/\/wp13457063.server-he.de\/sub\/erich-und-dina\/wp-content\/uploads\/2021\/03\/1928__mein_Vater_als_Buegermeister.png 676w\" sizes=\"(max-width: 300px) 100vw, 300px\" \/><\/a><figcaption class=\"wp-element-caption\">Ernst als B\u00fcrgermeister um 1927<\/figcaption><\/figure>\n<\/div>\n\n\n<div style=\"height:22px\" aria-hidden=\"true\" class=\"wp-block-spacer\"><\/div>\n\n\n<div class=\"wp-block-image\">\n<figure class=\"alignleft size-full is-resized\"><a href=\"http:\/\/wp13457063.server-he.de\/sub\/erich-und-dina\/wp-content\/uploads\/2024\/10\/1938_09_27_Traueranzeige_Ernst.png\" target=\"_blank\" rel=\"noreferrer noopener\"><img loading=\"lazy\" decoding=\"async\" width=\"556\" height=\"549\" src=\"http:\/\/wp13457063.server-he.de\/sub\/erich-und-dina\/wp-content\/uploads\/2024\/10\/1938_09_27_Traueranzeige_Ernst.png\" alt=\"\" class=\"wp-image-5515\" style=\"width:225px;height:auto\" srcset=\"http:\/\/wp13457063.server-he.de\/sub\/erich-und-dina\/wp-content\/uploads\/2024\/10\/1938_09_27_Traueranzeige_Ernst.png 556w, http:\/\/wp13457063.server-he.de\/sub\/erich-und-dina\/wp-content\/uploads\/2024\/10\/1938_09_27_Traueranzeige_Ernst-300x296.png 300w, http:\/\/wp13457063.server-he.de\/sub\/erich-und-dina\/wp-content\/uploads\/2024\/10\/1938_09_27_Traueranzeige_Ernst-70x70.png 70w\" sizes=\"(max-width: 556px) 100vw, 556px\" \/><\/a><\/figure>\n<\/div>\n\n<div class=\"wp-block-image\">\n<figure class=\"alignright size-large is-resized\"><a href=\"http:\/\/wp13457063.server-he.de\/sub\/erich-und-dina\/wp-content\/uploads\/2024\/10\/1948__Grab_Ernst_Clara_Kotitz_bearb.jpg\" target=\"_blank\" rel=\"noreferrer noopener\"><img loading=\"lazy\" decoding=\"async\" width=\"924\" height=\"1024\" src=\"http:\/\/wp13457063.server-he.de\/sub\/erich-und-dina\/wp-content\/uploads\/2024\/10\/1948__Grab_Ernst_Clara_Kotitz_bearb-924x1024.jpg\" alt=\"\" class=\"wp-image-5541\" style=\"width:208px;height:auto\" srcset=\"http:\/\/wp13457063.server-he.de\/sub\/erich-und-dina\/wp-content\/uploads\/2024\/10\/1948__Grab_Ernst_Clara_Kotitz_bearb-924x1024.jpg 924w, http:\/\/wp13457063.server-he.de\/sub\/erich-und-dina\/wp-content\/uploads\/2024\/10\/1948__Grab_Ernst_Clara_Kotitz_bearb-271x300.jpg 271w, http:\/\/wp13457063.server-he.de\/sub\/erich-und-dina\/wp-content\/uploads\/2024\/10\/1948__Grab_Ernst_Clara_Kotitz_bearb-768x851.jpg 768w, http:\/\/wp13457063.server-he.de\/sub\/erich-und-dina\/wp-content\/uploads\/2024\/10\/1948__Grab_Ernst_Clara_Kotitz_bearb-580x643.jpg 580w, http:\/\/wp13457063.server-he.de\/sub\/erich-und-dina\/wp-content\/uploads\/2024\/10\/1948__Grab_Ernst_Clara_Kotitz_bearb-860x953.jpg 860w, http:\/\/wp13457063.server-he.de\/sub\/erich-und-dina\/wp-content\/uploads\/2024\/10\/1948__Grab_Ernst_Clara_Kotitz_bearb.jpg 1024w\" sizes=\"(max-width: 924px) 100vw, 924px\" \/><\/a><figcaption class=\"wp-element-caption\">das Grab in Kotitz<\/figcaption><\/figure>\n<\/div>\n\n<div class=\"wp-block-image\">\n<figure class=\"alignleft size-full is-resized\"><a href=\"http:\/\/wp13457063.server-he.de\/sub\/erich-und-dina\/wp-content\/uploads\/2024\/10\/1948_05-18_Todesanzeige_Clara_Diessner.png\" target=\"_blank\" rel=\"noreferrer noopener\"><img loading=\"lazy\" decoding=\"async\" width=\"992\" height=\"735\" src=\"http:\/\/wp13457063.server-he.de\/sub\/erich-und-dina\/wp-content\/uploads\/2024\/10\/1948_05-18_Todesanzeige_Clara_Diessner.png\" alt=\"\" class=\"wp-image-5517\" style=\"width:282px;height:auto\" srcset=\"http:\/\/wp13457063.server-he.de\/sub\/erich-und-dina\/wp-content\/uploads\/2024\/10\/1948_05-18_Todesanzeige_Clara_Diessner.png 992w, http:\/\/wp13457063.server-he.de\/sub\/erich-und-dina\/wp-content\/uploads\/2024\/10\/1948_05-18_Todesanzeige_Clara_Diessner-300x222.png 300w, http:\/\/wp13457063.server-he.de\/sub\/erich-und-dina\/wp-content\/uploads\/2024\/10\/1948_05-18_Todesanzeige_Clara_Diessner-768x569.png 768w, http:\/\/wp13457063.server-he.de\/sub\/erich-und-dina\/wp-content\/uploads\/2024\/10\/1948_05-18_Todesanzeige_Clara_Diessner-580x430.png 580w, http:\/\/wp13457063.server-he.de\/sub\/erich-und-dina\/wp-content\/uploads\/2024\/10\/1948_05-18_Todesanzeige_Clara_Diessner-860x637.png 860w\" sizes=\"(max-width: 992px) 100vw, 992px\" \/><\/a><\/figure>\n<\/div>\n\n\n<p><\/p>\n","protected":false},"excerpt":{"rendered":"<p>Meine Eltern heirateten am 18. Oktober 1881, dem 19. Geburtstag meiner Mutter Clara, in Diehsa in Sachsen, dem Geburtsort meiner Mutter. Kennengelernt hatten sie sich in Collm auf dem Rittergut.Mein Vater Ernst, der am 11. November 1851 in Plie\u00dfkowitz geboren wurde, hatte die dort ans\u00e4ssige Molkerei gepachtet. Clara arbeitete als K\u00f6chin auf dem Collmer Gut&#8230;<\/p>\n","protected":false},"author":1,"featured_media":0,"parent":0,"menu_order":0,"comment_status":"closed","ping_status":"closed","template":"","meta":{"footnotes":""},"class_list":["post-965","page","type-page","status-publish","hentry"],"_links":{"self":[{"href":"http:\/\/wp13457063.server-he.de\/sub\/erich-und-dina\/wp-json\/wp\/v2\/pages\/965","targetHints":{"allow":["GET"]}}],"collection":[{"href":"http:\/\/wp13457063.server-he.de\/sub\/erich-und-dina\/wp-json\/wp\/v2\/pages"}],"about":[{"href":"http:\/\/wp13457063.server-he.de\/sub\/erich-und-dina\/wp-json\/wp\/v2\/types\/page"}],"author":[{"embeddable":true,"href":"http:\/\/wp13457063.server-he.de\/sub\/erich-und-dina\/wp-json\/wp\/v2\/users\/1"}],"replies":[{"embeddable":true,"href":"http:\/\/wp13457063.server-he.de\/sub\/erich-und-dina\/wp-json\/wp\/v2\/comments?post=965"}],"version-history":[{"count":65,"href":"http:\/\/wp13457063.server-he.de\/sub\/erich-und-dina\/wp-json\/wp\/v2\/pages\/965\/revisions"}],"predecessor-version":[{"id":6060,"href":"http:\/\/wp13457063.server-he.de\/sub\/erich-und-dina\/wp-json\/wp\/v2\/pages\/965\/revisions\/6060"}],"wp:attachment":[{"href":"http:\/\/wp13457063.server-he.de\/sub\/erich-und-dina\/wp-json\/wp\/v2\/media?parent=965"}],"curies":[{"name":"wp","href":"https:\/\/api.w.org\/{rel}","templated":true}]}}