{"id":981,"date":"2021-03-17T14:51:35","date_gmt":"2021-03-17T13:51:35","guid":{"rendered":"http:\/\/wp13457063.server-he.de\/sub\/erich-und-dina\/?page_id=981"},"modified":"2024-10-18T15:18:08","modified_gmt":"2024-10-18T13:18:08","slug":"erich-diessner","status":"publish","type":"page","link":"http:\/\/wp13457063.server-he.de\/sub\/erich-und-dina\/ernst-clara-diessner\/erich-diessner\/","title":{"rendered":"Erich Die\u00dfner"},"content":{"rendered":"\t\t<div data-elementor-type=\"wp-page\" data-elementor-id=\"981\" class=\"elementor elementor-981\" data-elementor-post-type=\"page\">\n\t\t\t\t<div class=\"elementor-element elementor-element-6f51381 e-flex e-con-boxed e-con e-parent\" data-id=\"6f51381\" data-element_type=\"container\">\n\t\t\t\t\t<div class=\"e-con-inner\">\n\t\t<div class=\"elementor-element elementor-element-d890686 e-con-full e-flex e-con e-child\" data-id=\"d890686\" data-element_type=\"container\" data-settings=\"{&quot;background_background&quot;:&quot;classic&quot;}\">\n\t\t<div class=\"elementor-element elementor-element-9ef2698 e-con-full e-flex e-con e-child\" data-id=\"9ef2698\" data-element_type=\"container\">\n\t\t\t\t<div class=\"elementor-element elementor-element-2e7f18d elementor-widget elementor-widget-image\" data-id=\"2e7f18d\" data-element_type=\"widget\" data-widget_type=\"image.default\">\n\t\t\t\t<div class=\"elementor-widget-container\">\n\t\t\t\t\t\t\t\t\t\t\t\t\t\t\t\t<a href=\"#elementor-action%3Aaction%3Dpopup%3Aopen%26settings%3DeyJpZCI6IjQ5MDkiLCJ0b2dnbGUiOmZhbHNlfQ%3D%3D\">\n\t\t\t\t\t\t\t<img fetchpriority=\"high\" decoding=\"async\" width=\"221\" height=\"300\" src=\"http:\/\/wp13457063.server-he.de\/sub\/erich-und-dina\/wp-content\/uploads\/2024\/10\/1909_11_25_Erich_2-221x300.webp\" class=\"attachment-medium size-medium wp-image-4685\" alt=\"\" srcset=\"http:\/\/wp13457063.server-he.de\/sub\/erich-und-dina\/wp-content\/uploads\/2024\/10\/1909_11_25_Erich_2-221x300.webp 221w, http:\/\/wp13457063.server-he.de\/sub\/erich-und-dina\/wp-content\/uploads\/2024\/10\/1909_11_25_Erich_2.webp 397w\" sizes=\"(max-width: 221px) 100vw, 221px\" \/>\t\t\t\t\t\t\t\t<\/a>\n\t\t\t\t\t\t\t\t\t\t\t\t\t\t\t<\/div>\n\t\t\t\t<\/div>\n\t\t\t\t<\/div>\n\t\t<div class=\"elementor-element elementor-element-2a737f3 e-con-full e-flex e-con e-child\" data-id=\"2a737f3\" data-element_type=\"container\">\n\t\t\t\t<div class=\"elementor-element elementor-element-2ec05c5 elementor-align-justify elementor-widget elementor-widget-button\" data-id=\"2ec05c5\" data-element_type=\"widget\" data-widget_type=\"button.default\">\n\t\t\t\t<div class=\"elementor-widget-container\">\n\t\t\t\t\t\t\t\t\t<div class=\"elementor-button-wrapper\">\n\t\t\t\t\t<a class=\"elementor-button elementor-button-link elementor-size-sm\" href=\"#elementor-action%3Aaction%3Dpopup%3Aopen%26settings%3DeyJpZCI6IjUwNTQiLCJ0b2dnbGUiOmZhbHNlfQ%3D%3D\">\n\t\t\t\t\t\t<span class=\"elementor-button-content-wrapper\">\n\t\t\t\t\t\t\t\t\t<span class=\"elementor-button-text\">Erichs Kinder- und Jugendjahre in S\u00e4rka<\/span>\n\t\t\t\t\t<\/span>\n\t\t\t\t\t<\/a>\n\t\t\t\t<\/div>\n\t\t\t\t\t\t\t\t<\/div>\n\t\t\t\t<\/div>\n\t\t\t\t<div class=\"elementor-element elementor-element-dcebc9b elementor-align-justify elementor-widget elementor-widget-button\" data-id=\"dcebc9b\" data-element_type=\"widget\" data-widget_type=\"button.default\">\n\t\t\t\t<div class=\"elementor-widget-container\">\n\t\t\t\t\t\t\t\t\t<div class=\"elementor-button-wrapper\">\n\t\t\t\t\t<a class=\"elementor-button elementor-button-link elementor-size-sm\" href=\"#elementor-action%3Aaction%3Dpopup%3Aopen%26settings%3DeyJpZCI6IjUyMTAiLCJ0b2dnbGUiOmZhbHNlfQ%3D%3D\">\n\t\t\t\t\t\t<span class=\"elementor-button-content-wrapper\">\n\t\t\t\t\t\t\t\t\t<span class=\"elementor-button-text\">Erichs Lehre in L\u00f6bau<\/span>\n\t\t\t\t\t<\/span>\n\t\t\t\t\t<\/a>\n\t\t\t\t<\/div>\n\t\t\t\t\t\t\t\t<\/div>\n\t\t\t\t<\/div>\n\t\t\t\t<div class=\"elementor-element elementor-element-6976b53 elementor-align-justify elementor-widget elementor-widget-button\" data-id=\"6976b53\" data-element_type=\"widget\" data-widget_type=\"button.default\">\n\t\t\t\t<div class=\"elementor-widget-container\">\n\t\t\t\t\t\t\t\t\t<div class=\"elementor-button-wrapper\">\n\t\t\t\t\t<a class=\"elementor-button elementor-button-link elementor-size-sm\" href=\"#\">\n\t\t\t\t\t\t<span class=\"elementor-button-content-wrapper\">\n\t\t\t\t\t\t\t\t\t<span class=\"elementor-button-text\">Erichs Milit\u00e4rzeit in Berlin<\/span>\n\t\t\t\t\t<\/span>\n\t\t\t\t\t<\/a>\n\t\t\t\t<\/div>\n\t\t\t\t\t\t\t\t<\/div>\n\t\t\t\t<\/div>\n\t\t\t\t<div class=\"elementor-element elementor-element-2efd953 elementor-align-justify elementor-widget elementor-widget-button\" data-id=\"2efd953\" data-element_type=\"widget\" data-widget_type=\"button.default\">\n\t\t\t\t<div class=\"elementor-widget-container\">\n\t\t\t\t\t\t\t\t\t<div class=\"elementor-button-wrapper\">\n\t\t\t\t\t<a class=\"elementor-button elementor-button-link elementor-size-sm\" href=\"#\">\n\t\t\t\t\t\t<span class=\"elementor-button-content-wrapper\">\n\t\t\t\t\t\t\t\t\t<span class=\"elementor-button-text\">Erich im 1. Weltkrieg<\/span>\n\t\t\t\t\t<\/span>\n\t\t\t\t\t<\/a>\n\t\t\t\t<\/div>\n\t\t\t\t\t\t\t\t<\/div>\n\t\t\t\t<\/div>\n\t\t\t\t<div class=\"elementor-element elementor-element-71c2e86 elementor-align-justify elementor-widget elementor-widget-button\" data-id=\"71c2e86\" data-element_type=\"widget\" data-widget_type=\"button.default\">\n\t\t\t\t<div class=\"elementor-widget-container\">\n\t\t\t\t\t\t\t\t\t<div class=\"elementor-button-wrapper\">\n\t\t\t\t\t<a class=\"elementor-button elementor-button-link elementor-size-sm\" href=\"#\">\n\t\t\t\t\t\t<span class=\"elementor-button-content-wrapper\">\n\t\t\t\t\t\t\t\t\t<span class=\"elementor-button-text\">Erich im Lazarett in Breisig<\/span>\n\t\t\t\t\t<\/span>\n\t\t\t\t\t<\/a>\n\t\t\t\t<\/div>\n\t\t\t\t\t\t\t\t<\/div>\n\t\t\t\t<\/div>\n\t\t\t\t<div class=\"elementor-element elementor-element-e736217 elementor-align-justify elementor-widget elementor-widget-button\" data-id=\"e736217\" data-element_type=\"widget\" data-widget_type=\"button.default\">\n\t\t\t\t<div class=\"elementor-widget-container\">\n\t\t\t\t\t\t\t\t\t<div class=\"elementor-button-wrapper\">\n\t\t\t\t\t<a class=\"elementor-button elementor-button-link elementor-size-sm\" href=\"#\">\n\t\t\t\t\t\t<span class=\"elementor-button-content-wrapper\">\n\t\t\t\t\t\t<span class=\"elementor-button-icon\">\n\t\t\t\t<i aria-hidden=\"true\" class=\"far fa-heart\"><\/i>\t\t\t<\/span>\n\t\t\t\t\t\t\t\t\t<span class=\"elementor-button-text\">Erich & Dina in Breisig<\/span>\n\t\t\t\t\t<\/span>\n\t\t\t\t\t<\/a>\n\t\t\t\t<\/div>\n\t\t\t\t\t\t\t\t<\/div>\n\t\t\t\t<\/div>\n\t\t\t\t<\/div>\n\t\t\t\t<\/div>\n\t\t\t\t\t<\/div>\n\t\t\t\t<\/div>\n\t\t\t\t<\/div>\n\t\t","protected":false},"excerpt":{"rendered":"<p>Erichs Kinder- und Jugendjahre in S\u00e4rka Erichs Lehre in L\u00f6bau Erichs Milit\u00e4rzeit in Berlin Erich im 1. Weltkrieg Erich im Lazarett in Breisig Erich &#038; Dina in Breisig<\/p>\n","protected":false},"author":1,"featured_media":0,"parent":965,"menu_order":3,"comment_status":"closed","ping_status":"closed","template":"","meta":{"footnotes":""},"class_list":["post-981","page","type-page","status-publish","hentry"],"_links":{"self":[{"href":"http:\/\/wp13457063.server-he.de\/sub\/erich-und-dina\/wp-json\/wp\/v2\/pages\/981","targetHints":{"allow":["GET"]}}],"collection":[{"href":"http:\/\/wp13457063.server-he.de\/sub\/erich-und-dina\/wp-json\/wp\/v2\/pages"}],"about":[{"href":"http:\/\/wp13457063.server-he.de\/sub\/erich-und-dina\/wp-json\/wp\/v2\/types\/page"}],"author":[{"embeddable":true,"href":"http:\/\/wp13457063.server-he.de\/sub\/erich-und-dina\/wp-json\/wp\/v2\/users\/1"}],"replies":[{"embeddable":true,"href":"http:\/\/wp13457063.server-he.de\/sub\/erich-und-dina\/wp-json\/wp\/v2\/comments?post=981"}],"version-history":[{"count":4,"href":"http:\/\/wp13457063.server-he.de\/sub\/erich-und-dina\/wp-json\/wp\/v2\/pages\/981\/revisions"}],"predecessor-version":[{"id":5427,"href":"http:\/\/wp13457063.server-he.de\/sub\/erich-und-dina\/wp-json\/wp\/v2\/pages\/981\/revisions\/5427"}],"up":[{"embeddable":true,"href":"http:\/\/wp13457063.server-he.de\/sub\/erich-und-dina\/wp-json\/wp\/v2\/pages\/965"}],"wp:attachment":[{"href":"http:\/\/wp13457063.server-he.de\/sub\/erich-und-dina\/wp-json\/wp\/v2\/media?parent=981"}],"curies":[{"name":"wp","href":"https:\/\/api.w.org\/{rel}","templated":true}]}}